{"id":324,"date":"2023-01-29T19:11:55","date_gmt":"2023-01-29T19:11:55","guid":{"rendered":"https:\/\/partnerschaftskreis-waltrop-cesson.de\/?page_id=324"},"modified":"2023-02-27T19:11:44","modified_gmt":"2023-02-27T19:11:44","slug":"cesson-sevigne","status":"publish","type":"page","link":"https:\/\/partnerschaftskreis-waltrop-cesson.de\/fr\/cesson-sevigne\/","title":{"rendered":"Cesson-S\u00e9vign\u00e9"},"content":{"rendered":"<p>[et_pb_section fb_built=&#8220;1&#8243; admin_label=&#8220;Header&#8220; _builder_version=&#8220;4.20.0&#8243; _module_preset=&#8220;default&#8220; custom_margin=&#8220;0px||0px||true|false&#8220; custom_padding=&#8220;0px||0px||true|false&#8220; bottom_divider_style=&#8220;slant&#8220; bottom_divider_color=&#8220;#FFFFFF&#8220; bottom_divider_arrangement=&#8220;above_content&#8220; bottom_divider_height_tablet=&#8220;&#8220; bottom_divider_height_phone=&#8220;50px&#8220; bottom_divider_height_last_edited=&#8220;on|phone&#8220; locked=&#8220;off&#8220; global_colors_info=&#8220;{}&#8220;][et_pb_row admin_label=&#8220;Zeile&#8220; _builder_version=&#8220;4.19.5&#8243; _module_preset=&#8220;default&#8220; width=&#8220;100%&#8220; max_width=&#8220;none&#8220; custom_margin=&#8220;0px||0px||true|false&#8220; custom_padding=&#8220;0px||0px||true|false&#8220; global_colors_info=&#8220;{}&#8220;][et_pb_column type=&#8220;4_4&#8243; _builder_version=&#8220;4.19.5&#8243; _module_preset=&#8220;default&#8220; global_colors_info=&#8220;{}&#8220;][et_pb_slider admin_label=&#8220;Slider&#8220; _builder_version=&#8220;4.20.0&#8243; _module_preset=&#8220;default&#8220; height=&#8220;800px&#8220; height_tablet=&#8220;600px&#8220; height_phone=&#8220;300px&#8220; height_last_edited=&#8220;on|phone&#8220; custom_margin=&#8220;0px||0px||true|false&#8220; custom_padding=&#8220;0px||0px||true|false&#8220; global_colors_info=&#8220;{}&#8220;][et_pb_slide _builder_version=&#8220;4.19.5&#8243; _module_preset=&#8220;default&#8220; background_image=&#8220;http:\/\/partnerschaftskreis-waltrop-cesson.de\/wp-content\/uploads\/2023\/01\/IMG_20210922_142721-scaled.jpg&#8220; background_enable_image=&#8220;on&#8220; global_colors_info=&#8220;{}&#8220; sticky_transition=&#8220;on&#8220;][\/et_pb_slide][\/et_pb_slider][et_pb_icon font_icon=&#8220;&#x37;||divi||400&#8243; icon_color=&#8220;#FFFFFF&#8220; icon_width=&#8220;50px&#8220; disabled_on=&#8220;on|on|off&#8220; _builder_version=&#8220;4.20.0&#8243; _module_preset=&#8220;default&#8220; transform_translate=&#8220;0px|-80px&#8220; transform_translate_linked=&#8220;off&#8220; positioning=&#8220;absolute&#8220; position_origin_a=&#8220;bottom_center&#8220; custom_margin=&#8220;0px||0px||true|false&#8220; custom_padding=&#8220;||||true|false&#8220; animation_style=&#8220;slide&#8220; animation_direction=&#8220;top&#8220; animation_delay=&#8220;500ms&#8220; animation_intensity_slide=&#8220;30%&#8220; animation_repeat=&#8220;loop&#8220; global_colors_info=&#8220;{}&#8220;][\/et_pb_icon][\/et_pb_column][\/et_pb_row][\/et_pb_section][et_pb_section fb_built=&#8220;1&#8243; custom_padding_last_edited=&#8220;on|tablet&#8220; admin_label=&#8220;Seitentitel&#8220; _builder_version=&#8220;4.20.0&#8243; _module_preset=&#8220;default&#8220; min_height=&#8220;76px&#8220; custom_margin=&#8220;||0px||false|false&#8220; custom_padding=&#8220;100px||100px||true|false&#8220; custom_padding_tablet=&#8220;20px||20px||true|false&#8220; custom_padding_phone=&#8220;20px||20px||true|false&#8220; global_colors_info=&#8220;{}&#8220;][et_pb_row admin_label=&#8220;\u00dcberschrift Cesson-S\u00e9vign\u00e9&#8220; _builder_version=&#8220;4.20.0&#8243; _module_preset=&#8220;default&#8220; width=&#8220;50%&#8220; width_tablet=&#8220;60%&#8220; width_phone=&#8220;80%&#8220; width_last_edited=&#8220;on|phone&#8220; global_colors_info=&#8220;{}&#8220;][et_pb_column type=&#8220;4_4&#8243; _builder_version=&#8220;4.19.5&#8243; _module_preset=&#8220;default&#8220; global_colors_info=&#8220;{}&#8220;][et_pb_text content_phone=&#8220;<\/p>\n<h1>Cesson-S\u00e9vign\u00e9<\/h1>\n<h2>Waltrop&#8217;s Partnerstadt in der Bretagne<\/h2>\n<p>Erblicke ein paar Eckdaten zu unserer Partnerstadt und gewinne erste Impressionen zu Land, Region, Leute &#038; Kultur.<\/p>\n<p>&#8220; content_last_edited=&#8220;off|phone&#8220; _builder_version=&#8220;4.20.0&#8243; _module_preset=&#8220;default&#8220; text_font=&#8220;|300|||||||&#8220; text_text_color=&#8220;#000000&#8243; header_font=&#8220;|300||on|||||&#8220; header_font_size=&#8220;35px&#8220; header_line_height=&#8220;1.2em&#8220; header_2_font=&#8220;|700||on|||||&#8220; header_2_font_size=&#8220;14px&#8220; header_2_line_height=&#8220;1.2em&#8220; custom_margin=&#8220;||-23px|||&#8220; header_font_size_tablet=&#8220;35px&#8220; header_font_size_phone=&#8220;25px&#8220; header_font_size_last_edited=&#8220;on|phone&#8220; global_colors_info=&#8220;{}&#8220;]<\/p>\n<h1>Cesson-S\u00e9vign\u00e9<\/h1>\n<h2>Waltrop&#8217;s Partnerstadt in der Bretagne<\/h2>\n<p>Erblicke ein paar Eckdaten zu unserer Partnerstadt und gewinne erste Impressionen zu Land, Region, Leute &amp; Kultur.<\/p>\n<p>[\/et_pb_text][\/et_pb_column][\/et_pb_row][et_pb_row column_structure=&#8220;1_3,1_3,1_3&#8243; _builder_version=&#8220;4.20.0&#8243; _module_preset=&#8220;default&#8220; width=&#8220;50%&#8220; max_width=&#8220;none&#8220; custom_margin=&#8220;50px||||false|false&#8220; custom_margin_tablet=&#8220;50px||||false|false&#8220; custom_margin_phone=&#8220;0px||||false|false&#8220; custom_margin_last_edited=&#8220;on|phone&#8220; global_colors_info=&#8220;{}&#8220;][et_pb_column type=&#8220;1_3&#8243; _builder_version=&#8220;4.19.5&#8243; _module_preset=&#8220;default&#8220; global_colors_info=&#8220;{}&#8220;][et_pb_number_counter title=&#8220;Entfernung (km)&#8220; number=&#8220;954&#8243; percent_sign=&#8220;off&#8220; _builder_version=&#8220;4.20.0&#8243; _module_preset=&#8220;default&#8220; title_font=&#8220;|600||on|||||&#8220; title_font_size=&#8220;15px&#8220; number_font=&#8220;|300|||||||&#8220; number_font_size=&#8220;50px&#8220; number_line_height=&#8220;100px&#8220; custom_margin=&#8220;||||false|false&#8220; custom_padding=&#8220;||||true|false&#8220; number_font_size_tablet=&#8220;50px&#8220; number_font_size_phone=&#8220;35px&#8220; number_font_size_last_edited=&#8220;on|phone&#8220; global_colors_info=&#8220;{}&#8220;][\/et_pb_number_counter][\/et_pb_column][et_pb_column type=&#8220;1_3&#8243; _builder_version=&#8220;4.19.5&#8243; _module_preset=&#8220;default&#8220; global_colors_info=&#8220;{}&#8220;][et_pb_number_counter title=&#8220;Einwohner (2022)&#8220; number=&#8220;16.992&#8243; percent_sign=&#8220;off&#8220; _builder_version=&#8220;4.20.0&#8243; _module_preset=&#8220;default&#8220; title_font=&#8220;|600||on|||||&#8220; title_font_size=&#8220;15px&#8220; number_font=&#8220;|300|||||||&#8220; number_font_size=&#8220;50px&#8220; number_line_height=&#8220;100px&#8220; custom_margin=&#8220;||||false|false&#8220; custom_padding=&#8220;||||true|false&#8220; number_font_size_tablet=&#8220;50px&#8220; number_font_size_phone=&#8220;35px&#8220; number_font_size_last_edited=&#8220;on|phone&#8220; global_colors_info=&#8220;{}&#8220;][\/et_pb_number_counter][\/et_pb_column][et_pb_column type=&#8220;1_3&#8243; _builder_version=&#8220;4.19.5&#8243; _module_preset=&#8220;default&#8220; global_colors_info=&#8220;{}&#8220;][et_pb_number_counter title=&#8220;Gr\u00f6\u00dfe (km\u00b2)&#8220; number=&#8220;32 &#8220; percent_sign=&#8220;off&#8220; _builder_version=&#8220;4.20.0&#8243; _module_preset=&#8220;default&#8220; title_font=&#8220;|600||on|||||&#8220; title_font_size=&#8220;15px&#8220; number_font=&#8220;|300|||||||&#8220; number_font_size=&#8220;50px&#8220; number_line_height=&#8220;100px&#8220; custom_margin=&#8220;||||false|false&#8220; custom_padding=&#8220;||||true|false&#8220; number_font_size_tablet=&#8220;50px&#8220; number_font_size_phone=&#8220;35px&#8220; number_font_size_last_edited=&#8220;on|phone&#8220; global_colors_info=&#8220;{}&#8220;][\/et_pb_number_counter][\/et_pb_column][\/et_pb_row][\/et_pb_section][et_pb_section fb_built=&#8220;1&#8243; custom_padding_last_edited=&#8220;on|phone&#8220; prev_background_color=&#8220;#ffffff&#8220; next_background_color=&#8220;#ffffff&#8220; admin_label=&#8220;Blumenstadt&#8220; _builder_version=&#8220;4.20.0&#8243; _module_preset=&#8220;default&#8220; background_image=&#8220;http:\/\/partnerschaftskreis-waltrop-cesson.de\/wp-content\/uploads\/2023\/01\/IMG_20200911_172617-scaled.jpg&#8220; width=&#8220;100%&#8220; custom_padding=&#8220;250px||250px||true|false&#8220; custom_padding_tablet=&#8220;200px||200px||true|false&#8220; custom_padding_phone=&#8220;100px||100px||true|false&#8220; top_divider_style=&#8220;slant&#8220; top_divider_height_tablet=&#8220;&#8220; top_divider_height_phone=&#8220;50px&#8220; top_divider_height_last_edited=&#8220;on|phone&#8220; bottom_divider_style=&#8220;slant&#8220; bottom_divider_height_tablet=&#8220;&#8220; bottom_divider_height_phone=&#8220;50px&#8220; bottom_divider_height_last_edited=&#8220;on|phone&#8220; global_colors_info=&#8220;{}&#8220;][et_pb_row custom_padding_last_edited=&#8220;on|phone&#8220; _builder_version=&#8220;4.20.0&#8243; _module_preset=&#8220;default&#8220; background_color=&#8220;#ffffff&#8220; transform_translate_linked=&#8220;off&#8220; width=&#8220;40%&#8220; width_tablet=&#8220;80%&#8220; width_phone=&#8220;80%&#8220; width_last_edited=&#8220;on|phone&#8220; max_width=&#8220;none&#8220; custom_margin=&#8220;||||false|false&#8220; custom_padding=&#8220;40px|50px|40px|50px|true|true&#8220; custom_padding_tablet=&#8220;40px|50px|40px|50px|true|true&#8220; custom_padding_phone=&#8220;30px|20px|30px|20px|true|true&#8220; scroll_fade_enable=&#8220;on&#8220; scroll_fade=&#8220;0|35|65|100|0|100|100%&#8220; scroll_scaling=&#8220;0|50|50|100|95%|100|100%&#8220; global_colors_info=&#8220;{}&#8220;][et_pb_column type=&#8220;4_4&#8243; _builder_version=&#8220;4.19.5&#8243; _module_preset=&#8220;default&#8220; global_colors_info=&#8220;{}&#8220;][et_pb_text _builder_version=&#8220;4.20.0&#8243; _module_preset=&#8220;default&#8220; text_font=&#8220;|300|||||||&#8220; text_text_color=&#8220;#000000&#8243; header_font=&#8220;|300||on|||||&#8220; header_font_size=&#8220;35px&#8220; header_line_height=&#8220;1.2em&#8220; custom_margin=&#8220;-14px|||||&#8220; text_line_height_last_edited=&#8220;off|phone&#8220; header_font_size_tablet=&#8220;35px&#8220; header_font_size_phone=&#8220;25px&#8220; header_font_size_last_edited=&#8220;on|phone&#8220; global_colors_info=&#8220;{}&#8220;]<\/p>\n<h1>Eine Blumenstadt<\/h1>\n<p>Cesson-S\u00e9vign\u00e9 nimmt regelm\u00e4\u00dfig seit 1983 am sogenannten <a href=\"https:\/\/href.li\/?https:\/\/dewiki.de\/Lexikon\/Conseil_national_des_villes_et_villages_fleuris\" rel=\"noreferrer\">Concours des villes et villages fleuris<\/a> (deutsch: <em>Wettbewerb der bl\u00fchenden St\u00e4dte und Ortschaften<\/em>) teil. Dieser Wettbewerb existiert seit 1959 und soll zur F\u00f6rderung von Gr\u00fcnfl\u00e4chen und des Lebensumfeldes in Frankreichs Gemeinden beitragen. Neben Begr\u00fcnungen stellen weitere Kriterien zur Versch\u00f6nerung der Gemeinde, wie die allgemeine Sauberkeit sowie der Zustand von Stra\u00dfen und Geb\u00e4udefassaden, einen Teil des Wettbewerbes dar.<\/p>\n<p>Die Stadt Cesson-S\u00e9vign\u00e9 wurde erstmalig im Jahr 2016 mit vier Blumen ausgezeichnet \u2013 die h\u00f6chstm\u00f6gliche Auszeichnung \u2013 und damit ist die Stadt einer der wenigen 247 Gemeinden in ganz Frankreich, die eine solche Bewertung erhalten haben. Um diese Auszeichnung zu behalten, muss sich unsere Partnerstadt alle drei Jahre einer Jury stellen.<\/p>\n<p>[\/et_pb_text][\/et_pb_column][\/et_pb_row][\/et_pb_section][et_pb_section fb_built=&#8220;1&#8243; admin_label=&#8220;Kultur, Sport &#038; Freizeit&#8220; _builder_version=&#8220;4.19.5&#8243; _module_preset=&#8220;default&#8220; top_divider_color=&#8220;gcid-e55cf6f0-37dd-4b92-924a-02e206890677&#8243; global_colors_info=&#8220;{%22gcid-e55cf6f0-37dd-4b92-924a-02e206890677%22:%91%22top_divider_color%22%93}&#8220;][et_pb_row admin_label=&#8220;\u00dcberschrift Kultur, Sport &#038; Freizeit&#8220; _builder_version=&#8220;4.19.4&#8243; _module_preset=&#8220;default&#8220; global_colors_info=&#8220;{}&#8220;][et_pb_column type=&#8220;4_4&#8243; _builder_version=&#8220;4.19.4&#8243; _module_preset=&#8220;default&#8220; global_colors_info=&#8220;{}&#8220;][et_pb_text _builder_version=&#8220;4.20.0&#8243; _module_preset=&#8220;default&#8220; header_2_font=&#8220;|300||on|||||&#8220; header_2_font_size=&#8220;35px&#8220; header_font_size_tablet=&#8220;&#8220; header_font_size_phone=&#8220;25px&#8220; header_font_size_last_edited=&#8220;on|phone&#8220; header_2_font_size_tablet=&#8220;35px&#8220; header_2_font_size_phone=&#8220;25px&#8220; header_2_font_size_last_edited=&#8220;on|phone&#8220; global_colors_info=&#8220;{}&#8220;]<\/p>\n<h2>Kultur, Sport &amp; Freizeit<\/h2>\n<p>[\/et_pb_text][\/et_pb_column][\/et_pb_row][et_pb_row column_structure=&#8220;1_3,1_3,1_3&#8243; admin_label=&#8220;Tabelle &#8220; _builder_version=&#8220;4.19.4&#8243; _module_preset=&#8220;default&#8220; global_colors_info=&#8220;{}&#8220;][et_pb_column type=&#8220;1_3&#8243; _builder_version=&#8220;4.19.5&#8243; _module_preset=&#8220;default&#8220; global_colors_info=&#8220;{}&#8220;][et_pb_image src=&#8220;http:\/\/partnerschaftskreis-waltrop-cesson.de\/wp-content\/uploads\/2023\/02\/Buecher2.jpg&#8220; title_text=&#8220;B\u00fccher2&#8243; _builder_version=&#8220;4.19.5&#8243; _module_preset=&#8220;default&#8220; global_colors_info=&#8220;{}&#8220;][\/et_pb_image][et_pb_text _builder_version=&#8220;4.20.0&#8243; _module_preset=&#8220;default&#8220; text_font=&#8220;|300|||||||&#8220; text_font_size=&#8220;25px&#8220; header_3_font=&#8220;|300||on|||||&#8220; header_3_font_size=&#8220;25px&#8220; global_colors_info=&#8220;{}&#8220;]<\/p>\n<h3>Kultur<\/h3>\n<p>[\/et_pb_text][et_pb_text _builder_version=&#8220;4.19.5&#8243; _module_preset=&#8220;default&#8220; header_4_font=&#8220;|700||on|||||&#8220; header_4_font_size=&#8220;15px&#8220; custom_margin=&#8220;||0px|||&#8220; global_colors_info=&#8220;{}&#8220;]<\/p>\n<h4>Kulturst\u00e4tte<\/h4>\n<p>[\/et_pb_text][et_pb_text _builder_version=&#8220;4.19.5&#8243; _module_preset=&#8220;default&#8220; text_font=&#8220;|300|||||||&#8220; text_text_color=&#8220;#000000&#8243; global_colors_info=&#8220;{}&#8220;]<\/p>\n<p>Die Mediathek ist ein Kulturzentrum, in welchem die Musikschule, die B\u00fccherei sowie Kunstkurse besucht werden k\u00f6nnen. Dar\u00fcber hinaus verf\u00fcgt Cesson-S\u00e9vign\u00e9 \u00fcber ein eigenes Kino.<\/p>\n<p>[\/et_pb_text][et_pb_text _builder_version=&#8220;4.19.4&#8243; _module_preset=&#8220;default&#8220; header_4_font=&#8220;|700||on|||||&#8220; header_4_font_size=&#8220;15px&#8220; custom_margin=&#8220;||0px|||&#8220; global_colors_info=&#8220;{}&#8220;]<\/p>\n<h4>Veranstaltungen<\/h4>\n<p>[\/et_pb_text][et_pb_text _builder_version=&#8220;4.19.4&#8243; _module_preset=&#8220;default&#8220; text_font=&#8220;|300|||||||&#8220; text_text_color=&#8220;#000000&#8243; global_colors_info=&#8220;{}&#8220;]Jeden Mittwoch und Samstag ist in Cesson-S\u00e9vign\u00e9 Markttag, wobei der Mittwochsmarkt ein reiner Bio-Markt ist. An zwei Tagen am Jahresende wird au\u00dferdem ein Indoor-Weihnachtsmarkt angeboten. Zudem finden wiederkehrend Flohm\u00e4rkte sowie eine gro\u00dfe Pflanzen- und Gartenmesse statt.[\/et_pb_text][\/et_pb_column][et_pb_column type=&#8220;1_3&#8243; _builder_version=&#8220;4.19.4&#8243; _module_preset=&#8220;default&#8220; global_colors_info=&#8220;{}&#8220;][et_pb_image src=&#8220;http:\/\/partnerschaftskreis-waltrop-cesson.de\/wp-content\/uploads\/2023\/02\/Familie.jpg&#8220; title_text=&#8220;Familie&#8220; _builder_version=&#8220;4.19.5&#8243; _module_preset=&#8220;default&#8220; global_colors_info=&#8220;{}&#8220;][\/et_pb_image][et_pb_text admin_label=&#8220;Text&#8220; _builder_version=&#8220;4.20.0&#8243; _module_preset=&#8220;default&#8220; header_3_font=&#8220;|300||on|||||&#8220; header_3_font_size=&#8220;25px&#8220; global_colors_info=&#8220;{}&#8220;]<\/p>\n<h3>Familie<\/h3>\n<p>[\/et_pb_text][et_pb_text _builder_version=&#8220;4.19.4&#8243; _module_preset=&#8220;default&#8220; header_4_font=&#8220;|700||on|||||&#8220; header_4_font_size=&#8220;15px&#8220; custom_margin=&#8220;||0px|||&#8220; global_colors_info=&#8220;{}&#8220;]<\/p>\n<h4>Freizeitzentrum f\u00fcr Kinder<\/h4>\n<p>[\/et_pb_text][et_pb_text _builder_version=&#8220;4.19.4&#8243; _module_preset=&#8220;default&#8220; text_font=&#8220;|300|||||||&#8220; text_text_color=&#8220;#000000&#8243; global_colors_info=&#8220;{}&#8220;]Kinder im Alter von 2-11 Jahren k\u00f6nnen jeden Mittwoch Nachmittag f\u00fcr ein Betreuungsprogramm angemeldet werden.[\/et_pb_text][et_pb_text _builder_version=&#8220;4.19.4&#8243; _module_preset=&#8220;default&#8220; header_4_font=&#8220;|700||on|||||&#8220; header_4_font_size=&#8220;15px&#8220; custom_margin=&#8220;||0px|||&#8220; global_colors_info=&#8220;{}&#8220;]<\/p>\n<h4>Das Haus der Jugend<\/h4>\n<p>[\/et_pb_text][et_pb_text _builder_version=&#8220;4.19.4&#8243; _module_preset=&#8220;default&#8220; text_font=&#8220;|300|||||||&#8220; text_text_color=&#8220;#000000&#8243; global_colors_info=&#8220;{}&#8220;]F\u00fcr Kinder im Alter von 11-17 Jahren werden regelm\u00e4\u00dfige Freizeiten, wie z.B. eine Snowboardfreizeit, organisiert.[\/et_pb_text][et_pb_text _builder_version=&#8220;4.19.4&#8243; _module_preset=&#8220;default&#8220; header_4_font=&#8220;|700||on|||||&#8220; header_4_font_size=&#8220;15px&#8220; custom_margin=&#8220;||0px|||&#8220; global_colors_info=&#8220;{}&#8220;]<\/p>\n<h4>Familienfest<\/h4>\n<p>[\/et_pb_text][et_pb_text _builder_version=&#8220;4.19.4&#8243; _module_preset=&#8220;default&#8220; text_font=&#8220;|300|||||||&#8220; text_text_color=&#8220;#000000&#8243; global_colors_info=&#8220;{}&#8220;]Mit verschiedenen Spiel- und Sportaktivit\u00e4ten organisiert die Stadt Cesson-S\u00e9vign\u00e9 regelm\u00e4\u00dfig Familienfeste in ihren Parkanlagen.[\/et_pb_text][\/et_pb_column][et_pb_column type=&#8220;1_3&#8243; _builder_version=&#8220;4.19.4&#8243; _module_preset=&#8220;default&#8220; global_colors_info=&#8220;{}&#8220;][et_pb_image src=&#8220;http:\/\/partnerschaftskreis-waltrop-cesson.de\/wp-content\/uploads\/2023\/02\/Sport.jpg&#8220; title_text=&#8220;Sport&#8220; _builder_version=&#8220;4.19.5&#8243; _module_preset=&#8220;default&#8220; global_colors_info=&#8220;{}&#8220;][\/et_pb_image][et_pb_text admin_label=&#8220;Text&#8220; _builder_version=&#8220;4.20.0&#8243; _module_preset=&#8220;default&#8220; header_3_font=&#8220;|300||on|||||&#8220; header_3_font_size=&#8220;25px&#8220; global_colors_info=&#8220;{}&#8220;]<\/p>\n<h3>Sport<\/h3>\n<p>[\/et_pb_text][et_pb_text _builder_version=&#8220;4.19.4&#8243; _module_preset=&#8220;default&#8220; header_4_font=&#8220;|700||on|||||&#8220; header_4_font_size=&#8220;15px&#8220; custom_margin=&#8220;||0px|||&#8220; global_colors_info=&#8220;{}&#8220;]<\/p>\n<h4>Sportangebot<\/h4>\n<p>[\/et_pb_text][et_pb_text _builder_version=&#8220;4.19.4&#8243; _module_preset=&#8220;default&#8220; text_font=&#8220;|300|||||||&#8220; text_text_color=&#8220;#000000&#8243; global_colors_info=&#8220;{}&#8220;]<\/p>\n<p class=\"has-text-align-left\" style=\"font-size: 14px;\">Cesson-S\u00e9vign\u00e9 ist eine sehr sportliche Stadt. Eine gut ausgebaute Sportinfrastruktur (ausgebaute Fahrrad- und Spazierwege, mehrere Sportanlagen und Stadien) erm\u00f6glicht das vielseitige Sportangebot der Stadt:<\/p>\n<p class=\"has-text-align-left\" style=\"font-size: 14px;\">Kampfsport (Judo, Karate, Aikido\u2026), Individualsport (Tennis, Golf, Krafttraining, Schwimmen, Klettern, Badminton, Rad, Bogenschie\u00dfen, Tischtennis, Kayak, Angeln, Rafting, Stand-up-Paddling\u2026), Kollektivsport (Fu\u00dfball, Handball, Volleyball, Basketball\u2026), Gymnastik (Yoga, Kunstturnen, Tai Chi\u2026)<\/p>\n<p>[\/et_pb_text][\/et_pb_column][\/et_pb_row][\/et_pb_section][et_pb_section fb_built=&#8220;1&#8243; admin_label=&#8220;Karte&#8220; _builder_version=&#8220;4.20.0&#8243; _module_preset=&#8220;default&#8220; background_color=&#8220;gcid-e55cf6f0-37dd-4b92-924a-02e206890677&#8243; custom_margin=&#8220;||||false|false&#8220; custom_padding=&#8220;0px||0px||false|false&#8220; top_divider_style=&#8220;slant&#8220; top_divider_color=&#8220;#FFFFFF&#8220; top_divider_arrangement=&#8220;above_content&#8220; top_divider_height_tablet=&#8220;&#8220; top_divider_height_phone=&#8220;50px&#8220; top_divider_height_last_edited=&#8220;on|phone&#8220; bottom_divider_color=&#8220;#FFFFFF&#8220; global_colors_info=&#8220;{%22gcid-e55cf6f0-37dd-4b92-924a-02e206890677%22:%91%22background_color%22%93}&#8220;][et_pb_row _builder_version=&#8220;4.19.5&#8243; _module_preset=&#8220;default&#8220; width=&#8220;100%&#8220; max_width=&#8220;none&#8220; custom_margin=&#8220;||||true|false&#8220; custom_padding=&#8220;0px||0px||true|false&#8220; locked=&#8220;off&#8220; global_colors_info=&#8220;{}&#8220;][et_pb_column type=&#8220;4_4&#8243; _builder_version=&#8220;4.19.5&#8243; _module_preset=&#8220;default&#8220; custom_padding=&#8220;0px||0px||true|false&#8220; global_colors_info=&#8220;{}&#8220;][et_pb_code raw_content_tablet=&#8220;&#8220; raw_content_phone=&#8220;<iframe src=%22https:\/\/www.google.com\/maps\/embed?pb=!1m18!1m12!1m3!1d42612.9499642222!2d-1.628516861908183!3d48.12355692570194!2m3!1f0!2f0!3f0!3m2!1i1024!2i768!4f13.1!3m3!1m2!1s0x480ed931c3d68b35%3A0x55b2e618932c9040!2s35510%20Cesson-S%C3%A9vign%C3%A9%2C%20Frankreich!5e0!3m2!1sde!2sde!4v1674998644637!5m2!1sde!2sde%22 width=%22100%%22 height=%22500px%22 style=%22border:0;%22 allowfullscreen=%22%22 padding=%220px%22 margin=%220px%22 loading=%22lazy%22 referrerpolicy=%22no-referrer-when-downgrade%22><\/iframe><\/p>\n<style>\n  iframe {<\/p>\n<p>    filter: url(%22data:image\/svg+xml;utf8,<svg xmlns='http:\/\/www.w3.org\/2000\/svg'><filter id='grayscale'><feColorMatrix type='matrix' values='0.3333 0.3333 0.3333 0 0 0.3333 0.3333 0.3333 0 0 0.3333 0.3333 0.3333 0 0 0 0 0 1 0'\/><\/filter><\/svg>#grayscale%22); \/* Firefox 10+ *\/\n    filter: gray; \/* IE6-9 *\/\n\t  -webkit-filter: grayscale(99%); \/* Chrome 19+ & Safari 6+ *\/\n\t  -webkit-backface-visibility: hidden;  \/* Fix for transition flickering *\/\n  }\n<\/style>\n<p>&#8220; raw_content_last_edited=&#8220;on|phone&#8220; _builder_version=&#8220;4.20.0&#8243; _module_preset=&#8220;default&#8220; custom_margin=&#8220;0px||0px||true|false&#8220; custom_padding=&#8220;0px||0px||true|false&#8220; global_colors_info=&#8220;{}&#8220;]<iframe src=\"https:\/\/www.google.com\/maps\/embed?pb=!1m18!1m12!1m3!1d42612.9499642222!2d-1.628516861908183!3d48.12355692570194!2m3!1f0!2f0!3f0!3m2!1i1024!2i768!4f13.1!3m3!1m2!1s0x480ed931c3d68b35%3A0x55b2e618932c9040!2s35510%20Cesson-S%C3%A9vign%C3%A9%2C%20Frankreich!5e0!3m2!1sde!2sde!4v1674998644637!5m2!1sde!2sde\" width=\"100%\" height=\"800px\" style=\"border:0;\" allowfullscreen=\"\" padding=\"0px\" margin=\"0px\" loading=\"lazy\" referrerpolicy=\"no-referrer-when-downgrade\"><\/iframe><!-- [et_pb_line_break_holder] --><\/p>\n<style><!-- [et_pb_line_break_holder] -->  iframe {<!-- [et_pb_line_break_holder] -->    <!-- [et_pb_line_break_holder] -->    filter: url(\"data:image\/svg+xml;utf8,<svg xmlns=\\'http:\/\/www.w3.org\/2000\/svg\\'><filter id=\\'grayscale\\'><feColorMatrix type=\\'matrix\\' values=\\'0.3333 0.3333 0.3333 0 0 0.3333 0.3333 0.3333 0 0 0.3333 0.3333 0.3333 0 0 0 0 0 1 0\\'\/><\/filter><\/svg>#grayscale\"); \/* Firefox 10+ *\/<!-- [et_pb_line_break_holder] -->    filter: gray; \/* IE6-9 *\/<!-- [et_pb_line_break_holder] -->\t  -webkit-filter: grayscale(99%); \/* Chrome 19+ & Safari 6+ *\/<!-- [et_pb_line_break_holder] -->\t  -webkit-backface-visibility: hidden;  \/* Fix for transition flickering *\/<!-- [et_pb_line_break_holder] -->  }<!-- [et_pb_line_break_holder] --><\/style>\n<p>[\/et_pb_code][\/et_pb_column][\/et_pb_row][et_pb_row _builder_version=&#8220;4.20.0&#8243; _module_preset=&#8220;default&#8220; width=&#8220;50%&#8220; width_tablet=&#8220;50%&#8220; width_phone=&#8220;80%&#8220; width_last_edited=&#8220;on|phone&#8220; custom_margin=&#8220;||||false|false&#8220; global_colors_info=&#8220;{}&#8220;][et_pb_column type=&#8220;4_4&#8243; _builder_version=&#8220;4.20.0&#8243; _module_preset=&#8220;default&#8220; custom_padding=&#8220;70px||70px||true|false&#8220; custom_padding_tablet=&#8220;70px||70px||true|false&#8220; custom_padding_phone=&#8220;30px||30px||true|false&#8220; custom_padding_last_edited=&#8220;on|phone&#8220; global_colors_info=&#8220;{}&#8220;][et_pb_text _builder_version=&#8220;4.20.0&#8243; _module_preset=&#8220;default&#8220; text_font=&#8220;|700||on|||||&#8220; text_text_color=&#8220;#FFFFFF&#8220; text_font_size=&#8220;16px&#8220; custom_padding=&#8220;|||87px||&#8220; custom_padding_tablet=&#8220;|||87px||&#8220; custom_padding_phone=&#8220;|||0px|false|false&#8220; custom_padding_last_edited=&#8220;on|phone&#8220; global_colors_info=&#8220;{}&#8220;]<\/p>\n<p>Wo befindet sich Cesson-S\u00e9vign\u00e9?<\/p>\n<p>[\/et_pb_text][et_pb_text _builder_version=&#8220;4.20.0&#8243; _module_preset=&#8220;default&#8220; text_font=&#8220;|300|||||||&#8220; text_text_color=&#8220;#FFFFFF&#8220; custom_margin=&#8220;-14px|||||&#8220; custom_padding=&#8220;|||84px||&#8220; custom_padding_tablet=&#8220;|||84px||&#8220; custom_padding_phone=&#8220;|||0px|false|false&#8220; custom_padding_last_edited=&#8220;on|phone&#8220; global_colors_info=&#8220;{}&#8220; content__hover_enabled=&#8220;off|hover&#8220;]<\/p>\n<div itemprop=\"location\" itemscope=\"\" itemtype=\"http:\/\/schema.org\/Organization\" class=\"wp-block-jetpack-contact-info\">\n<p>Die Stadt Cesson-S\u00e9vign\u00e9 liegt im Osten der Bretagne und grenzt direkt an Rennes &#8211; die Hauptstadt der Region. Damit befindet sich das Rathaus von Cesson-S\u00e9vign\u00e9 954 km (Fahrtstrecke) vom Waltroper Rathaus entfernt.<\/p>\n<\/div>\n<p>[\/et_pb_text][\/et_pb_column][\/et_pb_row][\/et_pb_section][et_pb_section fb_built=&#8220;1&#8243; admin_label=&#8220;Lage &#038; Bretagne&#8220; _builder_version=&#8220;4.20.0&#8243; _module_preset=&#8220;default&#8220; background_color=&#8220;#d8d8d8&#8243; use_background_color_gradient=&#8220;on&#8220; background_color_gradient_stops=&#8220;gcid-e55cf6f0-37dd-4b92-924a-02e206890677 40%|#ffffff 40%&#8220; width=&#8220;100%&#8220; module_alignment=&#8220;center&#8220; min_height=&#8220;697.9px&#8220; custom_margin=&#8220;0px||0px||true|false&#8220; custom_padding=&#8220;0px||||false|false&#8220; background_last_edited=&#8220;on|phone&#8220; use_background_color_gradient_phone=&#8220;on&#8220; background_color_gradient_stops_phone=&#8220;gcid-e55cf6f0-37dd-4b92-924a-02e206890677 15%|#ffffff 15%&#8220; locked=&#8220;off&#8220; global_colors_info=&#8220;{%22gcid-e55cf6f0-37dd-4b92-924a-02e206890677%22:%91%22background_color_gradient_stops%22%93}&#8220;][et_pb_row _builder_version=&#8220;4.19.5&#8243; _module_preset=&#8220;default&#8220; custom_padding=&#8220;52px|||||&#8220; global_colors_info=&#8220;{}&#8220;][et_pb_column type=&#8220;4_4&#8243; _builder_version=&#8220;4.19.4&#8243; _module_preset=&#8220;default&#8220; global_colors_info=&#8220;{}&#8220;][et_pb_text _builder_version=&#8220;4.20.0&#8243; _module_preset=&#8220;default&#8220; text_font=&#8220;|300||on|||||&#8220; text_text_color=&#8220;#FFFFFF&#8220; header_3_font=&#8220;|300||on|||||&#8220; header_3_text_color=&#8220;#FFFFFF&#8220; header_3_font_size=&#8220;35px&#8220; header_3_font_size_tablet=&#8220;35px&#8220; header_3_font_size_phone=&#8220;25px&#8220; header_3_font_size_last_edited=&#8220;on|phone&#8220; global_colors_info=&#8220;{}&#8220;]<\/p>\n<h3 style=\"text-align: center;\">Wusstest Du schon&#8230;<\/h3>\n<p>[\/et_pb_text][\/et_pb_column][\/et_pb_row][et_pb_row column_structure=&#8220;1_3,1_3,1_3&#8243; _builder_version=&#8220;4.19.4&#8243; _module_preset=&#8220;default&#8220; hover_enabled=&#8220;0&#8243; global_colors_info=&#8220;{}&#8220; sticky_enabled=&#8220;0&#8243;][et_pb_column type=&#8220;1_3&#8243; _builder_version=&#8220;4.20.0&#8243; _module_preset=&#8220;default&#8220; background_color=&#8220;#FFFFFF&#8220; custom_padding=&#8220;||20px||false|true&#8220; link_option_url_new_window=&#8220;on&#8220; hover_enabled=&#8220;0&#8243; box_shadow_style=&#8220;preset1&#8243; global_colors_info=&#8220;{}&#8220; transform_styles__hover_enabled=&#8220;on|hover&#8220; transform_scale__hover_enabled=&#8220;on|hover&#8220; transform_translate__hover_enabled=&#8220;on|desktop&#8220; transform_rotate__hover_enabled=&#8220;on|desktop&#8220; transform_skew__hover_enabled=&#8220;on|desktop&#8220; transform_origin__hover_enabled=&#8220;on|desktop&#8220; transform_scale__hover=&#8220;105%|105%&#8220; sticky_enabled=&#8220;0&#8243;][et_pb_image src=&#8220;http:\/\/partnerschaftskreis-waltrop-cesson.de\/wp-content\/uploads\/2023\/01\/Excalibur-e1673545647322.jpg&#8220; title_text=&#8220;Excalibur&#8220; _builder_version=&#8220;4.19.5&#8243; _module_preset=&#8220;default&#8220; hover_enabled=&#8220;0&#8243; global_colors_info=&#8220;{}&#8220; sticky_enabled=&#8220;0&#8243;][\/et_pb_image][et_pb_text _builder_version=&#8220;4.20.0&#8243; _module_preset=&#8220;default&#8220; text_font=&#8220;|300|||||||&#8220; header_font=&#8220;|700||on|||||&#8220; header_font_size=&#8220;15px&#8220; header_line_height=&#8220;1.5em&#8220; width=&#8220;80%&#8220; module_alignment=&#8220;center&#8220; custom_margin_tablet=&#8220;&#8220; custom_margin_phone=&#8220;||||false|true&#8220; custom_margin_last_edited=&#8220;on|phone&#8220; custom_padding=&#8220;||||false|false&#8220; custom_padding_tablet=&#8220;||||false|false&#8220; custom_padding_phone=&#8220;|20px||20px|false|true&#8220; custom_padding_last_edited=&#8220;on|phone&#8220; global_colors_info=&#8220;{}&#8220;]<\/p>\n<h1>Die Bretagne ist ein magischer Ort<\/h1>\n<p>In der Bretagne sind Spuren zahlreicher Helden zu finden \u2013 wie Asterix und Obelix, K\u00f6nig Artus und Merlin.<\/p>\n<p>[\/et_pb_text][et_pb_button button_url=&#8220;https:\/\/reisenexclusiv.com\/acht-fakten-ueber-die-bretagne-die-kaum-einer-kennt\/&#8220; url_new_window=&#8220;on&#8220; button_text=&#8220;Fakten \u00fcber die Bretagne&#8220; button_alignment=&#8220;center&#8220; _builder_version=&#8220;4.19.5&#8243; _module_preset=&#8220;default&#8220; custom_button=&#8220;on&#8220; button_text_size=&#8220;12px&#8220; button_text_color=&#8220;gcid-e55cf6f0-37dd-4b92-924a-02e206890677&#8243; button_bg_color=&#8220;#FFFFFF&#8220; button_border_width=&#8220;2px&#8220; button_border_color=&#8220;gcid-e55cf6f0-37dd-4b92-924a-02e206890677&#8243; button_border_radius=&#8220;29px&#8220; button_letter_spacing=&#8220;0px&#8220; button_font=&#8220;|600||on|||||&#8220; button_use_icon=&#8220;off&#8220; custom_margin=&#8220;-1px||29px||false|false&#8220; custom_padding=&#8220;10px|20px|10px|20px|false|false&#8220; button_text_color_last_edited=&#8220;off|desktop&#8220; global_colors_info=&#8220;{%22gcid-e55cf6f0-37dd-4b92-924a-02e206890677%22:%91%22button_text_color%22,%22button_bg_color__hover%22,%22button_border_color%22%93}&#8220; button_text_color__hover_enabled=&#8220;on|hover&#8220; button_text_color__hover=&#8220;#FFFFFF&#8220; button_bg_color__hover_enabled=&#8220;on|desktop&#8220; button_bg_color__hover=&#8220;#3e4f63&#8243; button_bg_enable_color__hover=&#8220;on&#8220;][\/et_pb_button][\/et_pb_column][et_pb_column type=&#8220;1_3&#8243; _builder_version=&#8220;4.20.0&#8243; _module_preset=&#8220;default&#8220; background_color=&#8220;#FFFFFF&#8220; custom_padding=&#8220;||20px||false|true&#8220; link_option_url_new_window=&#8220;on&#8220; hover_enabled=&#8220;0&#8243; box_shadow_style=&#8220;preset1&#8243; global_colors_info=&#8220;{}&#8220; transform_styles__hover_enabled=&#8220;on|hover&#8220; transform_scale__hover_enabled=&#8220;on|hover&#8220; transform_translate__hover_enabled=&#8220;on|hover&#8220; transform_rotate__hover_enabled=&#8220;on|hover&#8220; transform_skew__hover_enabled=&#8220;on|hover&#8220; transform_origin__hover_enabled=&#8220;on|hover&#8220; transform_scale__hover=&#8220;105%|105%&#8220; sticky_enabled=&#8220;0&#8243;][et_pb_image src=&#8220;http:\/\/partnerschaftskreis-waltrop-cesson.de\/wp-content\/uploads\/2023\/01\/Galette-e1673545585983.jpg&#8220; title_text=&#8220;Galette&#8220; _builder_version=&#8220;4.19.5&#8243; _module_preset=&#8220;default&#8220; global_colors_info=&#8220;{}&#8220;][\/et_pb_image][et_pb_text _builder_version=&#8220;4.19.5&#8243; _module_preset=&#8220;default&#8220; text_font=&#8220;|300|||||||&#8220; header_font=&#8220;|700||on|||||&#8220; header_font_size=&#8220;15px&#8220; header_line_height=&#8220;1.5em&#8220; width=&#8220;80%&#8220; module_alignment=&#8220;center&#8220; custom_padding=&#8220;||||false|false&#8220; custom_padding_tablet=&#8220;||||false|false&#8220; custom_padding_phone=&#8220;|20px||20px|false|true&#8220; custom_padding_last_edited=&#8220;on|phone&#8220; global_colors_info=&#8220;{}&#8220;]<\/p>\n<h1>Die bretonische K\u00fcche ist lecker<\/h1>\n<p>Die Bretagne ist die Heimat des Galettes \u2013 der herzhafte unter den Cr\u00eapes \u2013 ein Klassiker der franz\u00f6sischen K\u00fcche.<\/p>\n<p>[\/et_pb_text][et_pb_button button_url=&#8220;https:\/\/www.la-bretonelle.de\/bretagne-spezialitaeten\/&#8220; url_new_window=&#8220;on&#8220; button_text=&#8220;Bretonische Spezialit\u00e4ten&#8220; button_alignment=&#8220;center&#8220; _builder_version=&#8220;4.19.5&#8243; _module_preset=&#8220;default&#8220; custom_button=&#8220;on&#8220; button_text_size=&#8220;12px&#8220; button_text_color=&#8220;gcid-e55cf6f0-37dd-4b92-924a-02e206890677&#8243; button_bg_color=&#8220;#FFFFFF&#8220; button_border_width=&#8220;2px&#8220; button_border_color=&#8220;gcid-e55cf6f0-37dd-4b92-924a-02e206890677&#8243; button_border_radius=&#8220;29px&#8220; button_letter_spacing=&#8220;0px&#8220; button_font=&#8220;|600||on|||||&#8220; button_use_icon=&#8220;off&#8220; custom_margin=&#8220;-1px||29px||false|false&#8220; custom_padding=&#8220;10px|20px|10px|20px|false|false&#8220; button_text_color_last_edited=&#8220;off|desktop&#8220; global_colors_info=&#8220;{%22gcid-e55cf6f0-37dd-4b92-924a-02e206890677%22:%91%22button_text_color%22,%22button_bg_color__hover%22,%22button_border_color%22%93}&#8220; button_text_color__hover_enabled=&#8220;on|hover&#8220; button_text_color__hover=&#8220;#FFFFFF&#8220; button_bg_color__hover_enabled=&#8220;on|desktop&#8220; button_bg_color__hover=&#8220;#3e4f63&#8243; button_bg_enable_color__hover=&#8220;on&#8220;][\/et_pb_button][\/et_pb_column][et_pb_column type=&#8220;1_3&#8243; _builder_version=&#8220;4.20.0&#8243; _module_preset=&#8220;default&#8220; background_color=&#8220;#FFFFFF&#8220; transform_scale_last_edited=&#8220;off|desktop&#8220; transform_translate_last_edited=&#8220;off|desktop&#8220; transform_rotate_last_edited=&#8220;off|desktop&#8220; transform_skew_last_edited=&#8220;off|desktop&#8220; transform_origin_last_edited=&#8220;off|desktop&#8220; transform_styles_last_edited=&#8220;off|desktop&#8220; custom_padding=&#8220;||20px||false|true&#8220; link_option_url_new_window=&#8220;on&#8220; hover_enabled=&#8220;0&#8243; box_shadow_style=&#8220;preset1&#8243; global_colors_info=&#8220;{}&#8220; transform_styles__hover_enabled=&#8220;on|hover&#8220; transform_scale__hover_enabled=&#8220;on|hover&#8220; transform_translate__hover_enabled=&#8220;on|hover&#8220; transform_rotate__hover_enabled=&#8220;on|hover&#8220; transform_skew__hover_enabled=&#8220;on|hover&#8220; transform_origin__hover_enabled=&#8220;on|hover&#8220; transform_scale__hover=&#8220;105%|105%&#8220; sticky_enabled=&#8220;0&#8243;][et_pb_image src=&#8220;http:\/\/partnerschaftskreis-waltrop-cesson.de\/wp-content\/uploads\/2023\/01\/Bretone-e1673545698291.jpg&#8220; title_text=&#8220;Bretone&#8220; _builder_version=&#8220;4.19.5&#8243; _module_preset=&#8220;default&#8220; global_colors_info=&#8220;{}&#8220;][\/et_pb_image][et_pb_text _builder_version=&#8220;4.19.5&#8243; _module_preset=&#8220;default&#8220; text_font=&#8220;|300|||||||&#8220; header_font=&#8220;|700||on|||||&#8220; header_font_size=&#8220;15px&#8220; header_line_height=&#8220;1.5em&#8220; width=&#8220;80%&#8220; module_alignment=&#8220;center&#8220; custom_padding=&#8220;||||false|false&#8220; custom_padding_tablet=&#8220;||||false|false&#8220; custom_padding_phone=&#8220;|20px||20px|false|true&#8220; custom_padding_last_edited=&#8220;on|phone&#8220; global_colors_info=&#8220;{}&#8220;]<\/p>\n<h1>Bretonen sind nicht die typischen Franzosen<\/h1>\n<p>Sie sind herzlich, offen und haben ihre Merkmale, durch die sie sich auszeichnen \u2013 so erkannt man die etwas anderen Franzosen.<\/p>\n<p>[\/et_pb_text][et_pb_button button_url=&#8220;https:\/\/www.frankreich-webazine.de\/so-erkennt-ihr-ob-jemand-aus-der-bretagne-stammt\/&#8220; url_new_window=&#8220;on&#8220; button_text=&#8220;Der typische Bretone&#8220; button_alignment=&#8220;center&#8220; _builder_version=&#8220;4.19.5&#8243; _module_preset=&#8220;default&#8220; custom_button=&#8220;on&#8220; button_text_size=&#8220;12px&#8220; button_text_color=&#8220;gcid-e55cf6f0-37dd-4b92-924a-02e206890677&#8243; button_bg_color=&#8220;#FFFFFF&#8220; button_border_width=&#8220;2px&#8220; button_border_color=&#8220;gcid-e55cf6f0-37dd-4b92-924a-02e206890677&#8243; button_border_radius=&#8220;29px&#8220; button_letter_spacing=&#8220;0px&#8220; button_font=&#8220;|600||on|||||&#8220; button_use_icon=&#8220;off&#8220; custom_margin=&#8220;-1px||29px||false|false&#8220; custom_padding=&#8220;10px|20px|10px|20px|false|false&#8220; button_text_color_last_edited=&#8220;off|desktop&#8220; global_colors_info=&#8220;{%22gcid-e55cf6f0-37dd-4b92-924a-02e206890677%22:%91%22button_text_color%22,%22button_bg_color__hover%22,%22button_border_color%22%93}&#8220; button_text_color__hover_enabled=&#8220;on|hover&#8220; button_text_color__hover=&#8220;#FFFFFF&#8220; button_bg_color__hover_enabled=&#8220;on|desktop&#8220; button_bg_color__hover=&#8220;#3e4f63&#8243; button_bg_enable_color__hover=&#8220;on&#8220;][\/et_pb_button][\/et_pb_column][\/et_pb_row][\/et_pb_section]<\/p>\n","protected":false},"excerpt":{"rendered":"<p>Cesson-S\u00e9vign\u00e9 Waltrop&#8217;s Partnerstadt in der Bretagne Erblicke ein paar Eckdaten zu unserer Partnerstadt und gewinne erste Impressionen zu Land, Region, Leute &amp; Kultur.Eine Blumenstadt Cesson-S\u00e9vign\u00e9 nimmt regelm\u00e4\u00dfig seit 1983 am sogenannten Concours des villes et villages fleuris (deutsch: Wettbewerb der bl\u00fchenden St\u00e4dte und Ortschaften) teil. Dieser Wettbewerb existiert seit 1959 und soll zur F\u00f6rderung von Gr\u00fcnfl\u00e4chen und des Lebensumfeldes in Frankreichs Gemeinden beitragen. Neben Begr\u00fcnungen stellen weitere Kriterien zur Versch\u00f6nerung der Gemeinde, wie die allgemeine Sauberkeit sowie der Zustand von Stra\u00dfen und Geb\u00e4udefassaden, einen Teil des Wettbewerbes dar. Die Stadt Cesson-S\u00e9vign\u00e9 wurde erstmalig im Jahr 2016 mit vier Blumen ausgezeichnet \u2013 die h\u00f6chstm\u00f6gliche Auszeichnung \u2013 und damit ist die Stadt einer der wenigen 247 Gemeinden in ganz Frankreich, die eine solche Bewertung erhalten haben. Um diese Auszeichnung zu behalten, muss sich unsere Partnerstadt alle drei Jahre einer Jury stellen.Kultur, Sport &amp; FreizeitKulturKulturst\u00e4tteDie Mediathek ist ein Kulturzentrum, in welchem die Musikschule, die B\u00fccherei sowie Kunstkurse besucht werden k\u00f6nnen. Dar\u00fcber hinaus verf\u00fcgt Cesson-S\u00e9vign\u00e9 \u00fcber ein eigenes Kino.VeranstaltungenJeden Mittwoch und Samstag ist in Cesson-S\u00e9vign\u00e9 Markttag, wobei der Mittwochsmarkt ein reiner Bio-Markt ist. An zwei Tagen am Jahresende wird au\u00dferdem ein Indoor-Weihnachtsmarkt angeboten. Zudem finden wiederkehrend Flohm\u00e4rkte sowie eine gro\u00dfe Pflanzen- und Gartenmesse statt.FamilieFreizeitzentrum [&hellip;]<\/p>\n","protected":false},"author":1,"featured_media":0,"parent":0,"menu_order":2,"comment_status":"closed","ping_status":"closed","template":"","meta":{"_et_pb_use_builder":"on","_et_pb_old_content":"[et_pb_section fb_built=\"1\" admin_label=\"Seitentitel\" _builder_version=\"4.19.4\" _module_preset=\"default\" min_height=\"76px\" custom_padding=\"150px||150px||true|false\" global_colors_info=\"{}\"][et_pb_row admin_label=\"\u00dcberschrift Cesson-S\u00e9vign\u00e9\" _builder_version=\"4.19.4\" _module_preset=\"default\" width=\"40%\" global_colors_info=\"{}\"][et_pb_column type=\"4_4\" _builder_version=\"4.19.4\" _module_preset=\"default\" global_colors_info=\"{}\"][et_pb_text _builder_version=\"4.19.4\" _module_preset=\"default\" text_font=\"Montserrat|300||on|||||\" text_text_color=\"#3a3a3a\" text_font_size=\"35px\" header_font=\"|800|||||||\" custom_margin=\"||-23px|||\" global_colors_info=\"{}\"]\n\nCesson-S\u00e9vign\u00e9\n\n[\/et_pb_text][\/et_pb_column][\/et_pb_row][et_pb_row _builder_version=\"4.19.4\" _module_preset=\"default\" width=\"33%\" min_height=\"35.8px\" custom_padding=\"||11px|||\" global_colors_info=\"{}\"][et_pb_column type=\"4_4\" _builder_version=\"4.19.4\" _module_preset=\"default\" global_colors_info=\"{}\"][et_pb_text _builder_version=\"4.19.4\" _module_preset=\"default\" text_font=\"Montserrat|||on|||||\" text_text_color=\"#898989\" min_height=\"43px\" custom_margin=\"-31px|||||\" global_colors_info=\"{}\"]\n\nWaltrop's Partnerstadt in der Bretagne\n\n[\/et_pb_text][\/et_pb_column][\/et_pb_row][et_pb_row _builder_version=\"4.19.4\" _module_preset=\"default\" width=\"33%\" min_height=\"35.8px\" custom_padding=\"||11px|||\" global_colors_info=\"{}\"][et_pb_column type=\"4_4\" _builder_version=\"4.19.4\" _module_preset=\"default\" global_colors_info=\"{}\"][et_pb_text admin_label=\"Text\" _builder_version=\"4.19.4\" _module_preset=\"default\" text_font=\"Montserrat|300|||||||\" text_text_color=\"#898989\" text_font_size=\"15px\" min_height=\"43px\" custom_margin=\"-31px|||||\" global_colors_info=\"{}\"]\n\nErblicke ein paar Eckdaten zu unserer Partnerstadt und gewinne erste Impressionen zu Land, Region, Leute &amp; Kultur.\n\n[\/et_pb_text][\/et_pb_column][\/et_pb_row][\/et_pb_section][et_pb_section fb_built=\"1\" admin_label=\"impressionen\" _builder_version=\"4.19.4\" _module_preset=\"default\" width=\"100%\" max_width=\"100%\" module_alignment=\"center\" height=\"650px\" custom_margin=\"7px||0px||false|false\" custom_padding=\"61px||1px||false|false\" top_divider_style=\"arrow\" top_divider_color=\"#FFFFFF\" top_divider_flip=\"horizontal\" top_divider_arrangement=\"above_content\" bottom_divider_style=\"arrow\" bottom_divider_color=\"#d8d8d8\" bottom_divider_flip=\"horizontal\" bottom_divider_arrangement=\"above_content\" global_colors_info=\"{}\"][et_pb_row _builder_version=\"4.19.4\" _module_preset=\"default\" width=\"100%\" max_width=\"none\" min_height=\"636.9px\" custom_margin=\"|auto|-4px|auto||\" custom_padding=\"||0px|||\" global_colors_info=\"{}\"][et_pb_column type=\"4_4\" _builder_version=\"4.19.4\" _module_preset=\"default\" global_colors_info=\"{}\"][et_pb_slider _builder_version=\"4.19.4\" _module_preset=\"default\" min_height=\"650px\" custom_margin=\"-88px|||||\" custom_padding=\"171px||380px|||\" global_colors_info=\"{}\"][et_pb_slide heading=\"Rathaus Cesson-S\u00e9vign\u00e9\" _builder_version=\"4.19.4\" _module_preset=\"default\" background_image=\"http:\/\/partnerschaftskreis-waltrop-cesson.de\/wp-content\/uploads\/2023\/01\/Mairie_Cesson_Sevigne-scaled.jpg\" background_enable_image=\"on\" global_colors_info=\"{}\" sticky_transition=\"on\"][\/et_pb_slide][et_pb_slide heading=\"Blick auf die Kirche Saint Martin\" _builder_version=\"4.19.4\" _module_preset=\"default\" background_image=\"http:\/\/partnerschaftskreis-waltrop-cesson.de\/wp-content\/uploads\/2023\/01\/P120114_110838.jpg\" background_enable_image=\"on\" global_colors_info=\"{}\" sticky_transition=\"on\"][\/et_pb_slide][\/et_pb_slider][\/et_pb_column][\/et_pb_row][\/et_pb_section][et_pb_section fb_built=\"1\" admin_label=\"Lage &amp; Bretagne\" _builder_version=\"4.19.4\" _module_preset=\"default\" background_color=\"#d8d8d8\" width=\"100%\" module_alignment=\"center\" min_height=\"697.9px\" custom_margin=\"-1px|||220px||\" custom_padding=\"0px||17px|||\" locked=\"off\" global_colors_info=\"{}\"][et_pb_row column_structure=\"2_5,3_5\" admin_label=\"Zeile\" _builder_version=\"4.19.4\" _module_preset=\"default\" background_color=\"#FFFFFF\" custom_padding=\"3px||0px|||\" box_shadow_style=\"preset1\" global_colors_info=\"{}\"][et_pb_column type=\"2_5\" _builder_version=\"4.19.4\" _module_preset=\"default\" custom_padding=\"70px||70px||true|false\" global_colors_info=\"{}\"][et_pb_text _builder_version=\"4.19.4\" _module_preset=\"default\" text_font=\"Montserrat|600|||||||\" text_text_color=\"#000000\" text_font_size=\"16px\" custom_padding=\"|||87px||\" global_colors_info=\"{}\"]\n\nWo befindet sich Cesson-S\u00e9vign\u00e9?\n\n[\/et_pb_text][et_pb_text _builder_version=\"4.19.4\" _module_preset=\"default\" text_font=\"Montserrat|200|||||||\" text_text_color=\"#000000\" text_font_size=\"16px\" custom_margin=\"-14px|||||\" custom_padding=\"|||84px||\" global_colors_info=\"{}\" content__hover_enabled=\"off|hover\"]\n<div itemprop=\"location\" itemscope=\"\" itemtype=\"http:\/\/schema.org\/Organization\" class=\"wp-block-jetpack-contact-info\">\n\nDie Stadt Cesson-S\u00e9vign\u00e9 liegt im Osten der Bretagne und grenzt direkt an Rennes - die Hauptstadt der Region. Damit befindet sich das Rathaus von Cesson-S\u00e9vign\u00e9 907 km (Fahrtstrecke) vom Waltroper Rathaus entfernt.\n\n<\/div>\n[\/et_pb_text][et_pb_text _builder_version=\"4.19.4\" _module_preset=\"default\" text_font=\"Montserrat|200|||||||\" text_text_color=\"#000000\" text_font_size=\"16px\" custom_margin=\"-14px|||||\" custom_padding=\"|||84px||\" global_colors_info=\"{}\"]\n\nKlicke dich durch die Karte und erkunde unsere Partnerstadt.\n\n[\/et_pb_text][\/et_pb_column][et_pb_column type=\"3_5\" _builder_version=\"4.19.4\" _module_preset=\"default\" global_colors_info=\"{}\"][et_pb_text admin_label=\"Karte\" _builder_version=\"4.19.4\" _module_preset=\"default\" custom_padding=\"0px||0px|||\" global_colors_info=\"{}\"]\n\n<iframe src=\"https:\/\/www.google.com\/maps\/d\/u\/1\/embed?mid=1L-ZI6lhDWC68FeqMMUFalCGsJjh0tbM&amp;ehbc=2E312F\" width=\"640\" height=\"480\"><\/iframe>\n\n[\/et_pb_text][\/et_pb_column][\/et_pb_row][et_pb_row _builder_version=\"4.19.5\" _module_preset=\"default\" width=\"40%\" max_width=\"none\" custom_margin=\"||50px||false|false\" global_colors_info=\"{}\" locked=\"off\"][et_pb_column type=\"4_4\" _builder_version=\"4.19.5\" _module_preset=\"default\" global_colors_info=\"{}\"][et_pb_code _builder_version=\"4.19.5\" _module_preset=\"default\" global_colors_info=\"{}\"]<iframe src=\"https:\/\/www.google.com\/maps\/embed?pb=!1m18!1m12!1m3!1d42612.9499642222!2d-1.628516861908183!3d48.12355692570194!2m3!1f0!2f0!3f0!3m2!1i1024!2i768!4f13.1!3m3!1m2!1s0x480ed931c3d68b35%3A0x55b2e618932c9040!2s35510%20Cesson-S%C3%A9vign%C3%A9%2C%20Frankreich!5e0!3m2!1sde!2sde!4v1674998644637!5m2!1sde!2sde\" width=\"100%\" height=\"600px\" style=\"border:0;\" allowfullscreen=\"\" loading=\"lazy\" referrerpolicy=\"no-referrer-when-downgrade\"><\/iframe>[\/et_pb_code][\/et_pb_column][\/et_pb_row][et_pb_row _builder_version=\"4.19.4\" _module_preset=\"default\" custom_padding=\"52px|||||\" global_colors_info=\"{}\"][et_pb_column type=\"4_4\" _builder_version=\"4.19.4\" _module_preset=\"default\" global_colors_info=\"{}\"][et_pb_text _builder_version=\"4.19.4\" _module_preset=\"default\" text_font=\"Alef|||on|||||\" global_colors_info=\"{}\"]\n<h3 style=\"text-align: center;\">Wusstest Du schon...<\/h3>\n[\/et_pb_text][\/et_pb_column][\/et_pb_row][et_pb_row column_structure=\"1_3,1_3,1_3\" _builder_version=\"4.19.4\" _module_preset=\"default\" global_colors_info=\"{}\"][et_pb_column type=\"1_3\" _builder_version=\"4.19.4\" _module_preset=\"default\" background_color=\"#FFFFFF\" box_shadow_style=\"preset1\" global_colors_info=\"{}\"][et_pb_blurb title=\"Die Bretagne ist ein magischer Ort\" image=\"http:\/\/partnerschaftskreis-waltrop-cesson.de\/wp-content\/uploads\/2023\/01\/Excalibur-e1673545647322.jpg\" _builder_version=\"4.19.4\" _module_preset=\"default\" body_text_align=\"center\" text_orientation=\"center\" custom_padding=\"|||0px|false|false\" global_colors_info=\"{}\"]\n\n<em>In der Bretagne sind Spuren zahlreicher Helden zu finden \u2013 wie Asterix und Obelix, K\u00f6nig Artus und Merlin<\/em>.\n\n[\/et_pb_blurb][et_pb_button button_url=\"https:\/\/reisenexclusiv.com\/acht-fakten-ueber-die-bretagne-die-kaum-einer-kennt\/\" url_new_window=\"on\" button_text=\"Fakten \u00fcber die Bretagne\" button_alignment=\"center\" _builder_version=\"4.19.4\" _module_preset=\"default\" custom_button=\"on\" button_text_size=\"12px\" button_text_color=\"#000000\" button_bg_color=\"#FFFFFF\" button_border_width=\"2px\" button_border_radius=\"29px\" button_letter_spacing=\"0px\" button_font=\"Alef|||on|||||\" custom_margin=\"-1px||29px||false|false\" custom_padding=\"10px|20px|10px|20px|false|false\" global_colors_info=\"{}\"][\/et_pb_button][\/et_pb_column][et_pb_column type=\"1_3\" _builder_version=\"4.19.4\" _module_preset=\"default\" background_color=\"#FFFFFF\" box_shadow_style=\"preset1\" global_colors_info=\"{}\"][et_pb_blurb title=\"Die bretonische K\u00fcche ist lecker\" image=\"http:\/\/partnerschaftskreis-waltrop-cesson.de\/wp-content\/uploads\/2023\/01\/Galette-e1673545585983.jpg\" _builder_version=\"4.19.4\" _module_preset=\"default\" body_text_align=\"center\" text_orientation=\"center\" custom_padding=\"|||0px|false|false\" global_colors_info=\"{}\"]\n\n<em>Die Bretagne ist die Heimat des Galettes \u2013 der herzhafte unter den Cr\u00eapes \u2013 ein Klassiker der franz\u00f6sischen K\u00fcche<\/em>.\n\n[\/et_pb_blurb][et_pb_button button_url=\"https:\/\/www.la-bretonelle.de\/bretagne-spezialitaeten\/\" url_new_window=\"on\" button_text=\"Bretonische Spezialit\u00e4ten\" button_alignment=\"center\" _builder_version=\"4.19.4\" _module_preset=\"default\" custom_button=\"on\" button_text_size=\"12px\" button_text_color=\"#000000\" button_bg_color=\"#FFFFFF\" button_border_width=\"2px\" button_border_radius=\"29px\" button_letter_spacing=\"0px\" button_font=\"Alef|||on|||||\" custom_margin=\"-1px||29px||false|false\" custom_padding=\"10px|20px|10px|20px|false|false\" global_colors_info=\"{}\"][\/et_pb_button][\/et_pb_column][et_pb_column type=\"1_3\" _builder_version=\"4.19.4\" _module_preset=\"default\" background_color=\"#FFFFFF\" box_shadow_style=\"preset1\" global_colors_info=\"{}\"][et_pb_blurb title=\"Bretonen sind ein spezielles Volk\" image=\"http:\/\/partnerschaftskreis-waltrop-cesson.de\/wp-content\/uploads\/2023\/01\/Bretone-e1673545698291.jpg\" _builder_version=\"4.19.4\" _module_preset=\"default\" body_text_align=\"center\" text_orientation=\"center\" custom_padding=\"|||0px|false|false\" global_colors_info=\"{}\"]\n\n<em>Bretonen sind herzlich und fr\u00f6hlich, haben aber auch ihre Eigenarten \u2013 so erkannt man die etwas anderen Franzosen.<\/em>\n\n[\/et_pb_blurb][et_pb_button button_url=\"https:\/\/www.frankreich-webazine.de\/so-erkennt-ihr-ob-jemand-aus-der-bretagne-stammt\/\" url_new_window=\"on\" button_text=\"Der typische Bretone\" button_alignment=\"center\" _builder_version=\"4.19.4\" _module_preset=\"default\" custom_button=\"on\" button_text_size=\"12px\" button_text_color=\"#000000\" button_bg_color=\"#FFFFFF\" button_border_width=\"2px\" button_border_radius=\"29px\" button_letter_spacing=\"0px\" button_font=\"Alef|||on|||||\" custom_margin=\"-1px||29px||false|false\" custom_padding=\"10px|20px|10px|20px|false|false\" global_colors_info=\"{}\"][\/et_pb_button][\/et_pb_column][\/et_pb_row][\/et_pb_section][et_pb_section fb_built=\"1\" admin_label=\"Eckdaten\" _builder_version=\"4.19.4\" _module_preset=\"default\" background_color=\"#abbdd1\" width=\"100%\" module_alignment=\"center\" min_height=\"644px\" custom_margin=\"||-72px|||\" custom_padding=\"||0px|||\" global_colors_info=\"{}\"][et_pb_row column_structure=\"1_3,1_3,1_3\" admin_label=\"Navigation-Icon\" _builder_version=\"4.19.4\" _module_preset=\"default\" global_colors_info=\"{}\"][et_pb_column type=\"1_3\" admin_label=\"Lage\" _builder_version=\"4.19.4\" _module_preset=\"default\" background_color=\"#FFFFFF\" box_shadow_style=\"preset1\" global_colors_info=\"{}\"][et_pb_text _builder_version=\"4.19.4\" _module_preset=\"default\" text_font=\"Montserrat|||on|||||\" text_text_color=\"rgba(0,56,45,0.6)\" text_font_size=\"10px\" text_orientation=\"center\" custom_margin=\"0px||||false|false\" custom_padding=\"100px||100px|0px|true|false\" global_colors_info=\"{}\" content__hover_enabled=\"on|hover\" content__hover=\"\n<p style=\"%22text-align:\" center;%22=\"\"><span class=\"%22et-pb-icon%22\"><\/span>Die Stadt Cesson-S\u00e9vign\u00e9 liegt im Osten der Bretagne und grenzt direkt an Rennes - die Hauptstadt der Region. Damit befindet sich das Rathaus von Cesson-S\u00e9vign\u00e9 907 km (Fahrtstrecke) vom Waltroper Rathaus entfernt.<\/p>\n\" custom_padding__hover_enabled=\"off|hover\" custom_padding__hover=\"|1px||1px|true|true\" text_text_color__hover_enabled=\"on|hover\" text_text_color__hover=\"#FFFFFF\" background__hover_enabled=\"on|hover\" background_color__hover=\"rgba(0,56,45,0.6)\" background_enable_color__hover=\"on\" transform_styles__hover_enabled=\"on|hover\" transform_scale__hover_enabled=\"on|hover\" transform_translate__hover_enabled=\"on|hover\" transform_rotate__hover_enabled=\"on|hover\" transform_skew__hover_enabled=\"on|hover\" transform_origin__hover_enabled=\"on|hover\" transform_scale__hover=\"103%|103%\" max_width__hover_enabled=\"off|hover\"]\n\n<span class=\"et-pb-icon\">\ue01d<\/span>\nGr\u00f6\u00dfe[\/et_pb_text][\/et_pb_column][et_pb_column type=\"1_3\" admin_label=\"Kultur\" _builder_version=\"4.19.4\" _module_preset=\"default\" background_color=\"#FFFFFF\" box_shadow_style=\"preset1\" global_colors_info=\"{}\"][et_pb_text _builder_version=\"4.19.4\" _module_preset=\"default\" text_font=\"Montserrat|||on|||||\" text_text_color=\"rgba(0,56,45,0.6)\" text_orientation=\"center\" custom_padding=\"100px||100px||true|false\" global_colors_info=\"{}\"]<span class=\"et-pb-icon\">\ue01d<\/span>\nBev\u00f6lkerung[\/et_pb_text][\/et_pb_column][et_pb_column type=\"1_3\" admin_label=\"Blumenstadt\" _builder_version=\"4.19.4\" _module_preset=\"default\" background_color=\"#FFFFFF\" box_shadow_style=\"preset1\" global_colors_info=\"{}\"][et_pb_text _builder_version=\"4.19.4\" _module_preset=\"default\" text_font=\"Montserrat|||on|||||\" text_text_color=\"#FFFFFF\" background_color=\"#FFFFFF\" background_image=\"http:\/\/partnerschaftskreis-waltrop-cesson.de\/wp-content\/uploads\/2023\/01\/Cesson_Sevigne-Kopie-scaled.jpg\" text_orientation=\"center\" custom_padding=\"100px||100px||true|false\" global_colors_info=\"{}\" background__hover_enabled=\"on|desktop\" background_image__hover=\"\" background_enable_image__hover=\"off\"]\n\n<span class=\"et-pb-icon\">&amp;<\/span>\nBlumenstadt\n\n[\/et_pb_text][\/et_pb_column][\/et_pb_row][et_pb_row column_structure=\"1_3,1_3,1_3\" admin_label=\"Navigation-Icon\" _builder_version=\"4.19.4\" _module_preset=\"default\" global_colors_info=\"{}\"][et_pb_column type=\"1_3\" admin_label=\"Lage\" _builder_version=\"4.19.4\" _module_preset=\"default\" background_color=\"#FFFFFF\" box_shadow_style=\"preset1\" global_colors_info=\"{}\"][et_pb_text _builder_version=\"4.19.4\" _module_preset=\"default\" text_font=\"Montserrat|||on|||||\" text_text_color=\"rgba(0,56,45,0.6)\" text_font_size=\"10px\" text_orientation=\"center\" custom_margin=\"0px||||false|false\" custom_padding=\"100px||100px|0px|true|false\" global_colors_info=\"{}\" content__hover_enabled=\"on|hover\" content__hover=\"\n<p style=\"%22text-align:\" center;%22=\"\"><span class=\"%22et-pb-icon%22\"><\/span>Die Stadt Cesson-S\u00e9vign\u00e9 liegt im Osten der Bretagne und grenzt direkt an Rennes - die Hauptstadt der Region. Damit befindet sich das Rathaus von Cesson-S\u00e9vign\u00e9 907 km (Fahrtstrecke) vom Waltroper Rathaus entfernt.<\/p>\n\" custom_padding__hover_enabled=\"off|hover\" custom_padding__hover=\"|1px||1px|true|true\" text_text_color__hover_enabled=\"on|hover\" text_text_color__hover=\"#FFFFFF\" background__hover_enabled=\"on|hover\" background_color__hover=\"rgba(0,56,45,0.6)\" background_enable_color__hover=\"on\" transform_styles__hover_enabled=\"on|hover\" transform_scale__hover_enabled=\"on|hover\" transform_translate__hover_enabled=\"on|hover\" transform_rotate__hover_enabled=\"on|hover\" transform_skew__hover_enabled=\"on|hover\" transform_origin__hover_enabled=\"on|hover\" transform_scale__hover=\"103%|103%\" max_width__hover_enabled=\"off|hover\"]\n\n<span class=\"et-pb-icon\">\ue01d<\/span>\nFamilie[\/et_pb_text][\/et_pb_column][et_pb_column type=\"1_3\" admin_label=\"Kultur\" _builder_version=\"4.19.4\" _module_preset=\"default\" background_color=\"#FFFFFF\" box_shadow_style=\"preset1\" global_colors_info=\"{}\"][et_pb_text _builder_version=\"4.19.4\" _module_preset=\"default\" text_font=\"Montserrat|||on|||||\" text_text_color=\"rgba(0,56,45,0.6)\" text_orientation=\"center\" custom_padding=\"100px||100px||true|false\" global_colors_info=\"{}\"]<span class=\"et-pb-icon\">\ue01d<\/span>\nKultur[\/et_pb_text][\/et_pb_column][et_pb_column type=\"1_3\" admin_label=\"Blumenstadt\" _builder_version=\"4.19.4\" _module_preset=\"default\" background_color=\"#FFFFFF\" box_shadow_style=\"preset1\" global_colors_info=\"{}\"][et_pb_text _builder_version=\"4.19.4\" _module_preset=\"default\" text_font=\"Montserrat|||on|||||\" text_text_color=\"rgba(0,56,45,0.6)\" text_orientation=\"center\" custom_padding=\"100px||100px||true|false\" global_colors_info=\"{}\"]<span class=\"et-pb-icon\">&amp;<\/span>\nFreizeit[\/et_pb_text][\/et_pb_column][\/et_pb_row][et_pb_row _builder_version=\"4.19.4\" _module_preset=\"default\" custom_margin=\"-54px|auto||auto||\" custom_padding=\"0px||0px|||\" global_colors_info=\"{}\"][et_pb_column type=\"4_4\" admin_label=\"Spalte\" _builder_version=\"4.19.4\" _module_preset=\"default\" global_colors_info=\"{}\"][et_pb_icon font_icon=\"7||divi||400\" _builder_version=\"4.19.4\" _module_preset=\"default\" custom_padding=\"0px||0px|||\" global_colors_info=\"{}\"][\/et_pb_icon][\/et_pb_column][\/et_pb_row][\/et_pb_section][et_pb_section fb_built=\"1\" admin_label=\"Kultur, Sport &amp; Freizeit\" _builder_version=\"4.19.4\" _module_preset=\"default\" global_colors_info=\"{}\"][et_pb_row admin_label=\"\u00dcberschrift Kultur, Sport &amp; Freizeit\" _builder_version=\"4.19.4\" _module_preset=\"default\" global_colors_info=\"{}\"][et_pb_column type=\"4_4\" _builder_version=\"4.19.4\" _module_preset=\"default\" global_colors_info=\"{}\"][et_pb_text _builder_version=\"4.19.4\" _module_preset=\"default\" global_colors_info=\"{}\"]\n<h2>Kultur, Sport &amp; Freizeit<\/h2>\n[\/et_pb_text][\/et_pb_column][\/et_pb_row][et_pb_row column_structure=\"1_3,1_3,1_3\" admin_label=\"Tabelle \" _builder_version=\"4.19.4\" _module_preset=\"default\" global_colors_info=\"{}\"][et_pb_column type=\"1_3\" _builder_version=\"4.19.4\" _module_preset=\"default\" global_colors_info=\"{}\"][et_pb_image src=\"data:image\/svg+xml;base64,PHN2ZyB3aWR0aD0iMTA4MCIgaGVpZ2h0PSI1NDAiIHZpZXdCb3g9IjAgMCAxMDgwIDU0MCIgeG1sbnM9Imh0dHA6Ly93d3cudzMub3JnLzIwMDAvc3ZnIj4KICAgIDxnIGZpbGw9Im5vbmUiIGZpbGwtcnVsZT0iZXZlbm9kZCI+CiAgICAgICAgPHBhdGggZmlsbD0iI0VCRUJFQiIgZD0iTTAgMGgxMDgwdjU0MEgweiIvPgogICAgICAgIDxwYXRoIGQ9Ik00NDUuNjQ5IDU0MGgtOTguOTk1TDE0NC42NDkgMzM3Ljk5NSAwIDQ4Mi42NDR2LTk4Ljk5NWwxMTYuMzY1LTExNi4zNjVjMTUuNjItMTUuNjIgNDAuOTQ3LTE1LjYyIDU2LjU2OCAwTDQ0NS42NSA1NDB6IiBmaWxsLW9wYWNpdHk9Ii4xIiBmaWxsPSIjMDAwIiBmaWxsLXJ1bGU9Im5vbnplcm8iLz4KICAgICAgICA8Y2lyY2xlIGZpbGwtb3BhY2l0eT0iLjA1IiBmaWxsPSIjMDAwIiBjeD0iMzMxIiBjeT0iMTQ4IiByPSI3MCIvPgogICAgICAgIDxwYXRoIGQ9Ik0xMDgwIDM3OXYxMTMuMTM3TDcyOC4xNjIgMTQwLjMgMzI4LjQ2MiA1NDBIMjE1LjMyNEw2OTkuODc4IDU1LjQ0NmMxNS42Mi0xNS42MiA0MC45NDgtMTUuNjIgNTYuNTY4IDBMMTA4MCAzNzl6IiBmaWxsLW9wYWNpdHk9Ii4yIiBmaWxsPSIjMDAwIiBmaWxsLXJ1bGU9Im5vbnplcm8iLz4KICAgIDwvZz4KPC9zdmc+Cg==\" _builder_version=\"4.19.4\" _module_preset=\"default\" global_colors_info=\"{}\"][\/et_pb_image][et_pb_text _builder_version=\"4.19.4\" _module_preset=\"default\" global_colors_info=\"{}\"]\n<h3>Kultur<\/h3>\n[\/et_pb_text][et_pb_text _builder_version=\"4.19.4\" _module_preset=\"default\" custom_margin=\"||0px|||\" global_colors_info=\"{}\"]\n<h4>Kulturst\u00e4tte<\/h4>\n[\/et_pb_text][et_pb_text _builder_version=\"4.19.4\" _module_preset=\"default\" global_colors_info=\"{}\"]\n\nDie Mediathek ist ein Kulturzentrum, in welchem die Musikschule, die B\u00fccherei sowie Kunstkurse besucht werden k\u00f6nnen. Dar\u00fcber hinaus verf\u00fcgt Cesson-S\u00e9vign\u00e9 \u00fcber ein eigenes Kino.\n\n[\/et_pb_text][et_pb_text _builder_version=\"4.19.4\" _module_preset=\"default\" custom_margin=\"||0px|||\" global_colors_info=\"{}\"]\n<h4>Veranstaltungen<\/h4>\n[\/et_pb_text][et_pb_text _builder_version=\"4.19.4\" _module_preset=\"default\" global_colors_info=\"{}\"]\n\nJeden Mittwoch und Samstag ist in Cesson-S\u00e9vign\u00e9 Markttag, wobei der Mittwochsmarkt ein reiner Bio-Markt ist. An zwei Tagen am Jahresende wird au\u00dferdem ein Indoor-Weihnachtsmarkt angeboten. Zudem finden wiederkehrend Flohm\u00e4rkte sowie eine gro\u00dfe Pflanzen- und Gartenmesse statt.\n\n[\/et_pb_text][\/et_pb_column][et_pb_column type=\"1_3\" _builder_version=\"4.19.4\" _module_preset=\"default\" global_colors_info=\"{}\"][et_pb_image src=\"data:image\/svg+xml;base64,PHN2ZyB3aWR0aD0iMTA4MCIgaGVpZ2h0PSI1NDAiIHZpZXdCb3g9IjAgMCAxMDgwIDU0MCIgeG1sbnM9Imh0dHA6Ly93d3cudzMub3JnLzIwMDAvc3ZnIj4KICAgIDxnIGZpbGw9Im5vbmUiIGZpbGwtcnVsZT0iZXZlbm9kZCI+CiAgICAgICAgPHBhdGggZmlsbD0iI0VCRUJFQiIgZD0iTTAgMGgxMDgwdjU0MEgweiIvPgogICAgICAgIDxwYXRoIGQ9Ik00NDUuNjQ5IDU0MGgtOTguOTk1TDE0NC42NDkgMzM3Ljk5NSAwIDQ4Mi42NDR2LTk4Ljk5NWwxMTYuMzY1LTExNi4zNjVjMTUuNjItMTUuNjIgNDAuOTQ3LTE1LjYyIDU2LjU2OCAwTDQ0NS42NSA1NDB6IiBmaWxsLW9wYWNpdHk9Ii4xIiBmaWxsPSIjMDAwIiBmaWxsLXJ1bGU9Im5vbnplcm8iLz4KICAgICAgICA8Y2lyY2xlIGZpbGwtb3BhY2l0eT0iLjA1IiBmaWxsPSIjMDAwIiBjeD0iMzMxIiBjeT0iMTQ4IiByPSI3MCIvPgogICAgICAgIDxwYXRoIGQ9Ik0xMDgwIDM3OXYxMTMuMTM3TDcyOC4xNjIgMTQwLjMgMzI4LjQ2MiA1NDBIMjE1LjMyNEw2OTkuODc4IDU1LjQ0NmMxNS42Mi0xNS42MiA0MC45NDgtMTUuNjIgNTYuNTY4IDBMMTA4MCAzNzl6IiBmaWxsLW9wYWNpdHk9Ii4yIiBmaWxsPSIjMDAwIiBmaWxsLXJ1bGU9Im5vbnplcm8iLz4KICAgIDwvZz4KPC9zdmc+Cg==\" _builder_version=\"4.19.4\" _module_preset=\"default\" global_colors_info=\"{}\"][\/et_pb_image][et_pb_text admin_label=\"Text\" _builder_version=\"4.19.4\" _module_preset=\"default\" global_colors_info=\"{}\"]\n<h3>Familie<\/h3>\n[\/et_pb_text][et_pb_text _builder_version=\"4.19.4\" _module_preset=\"default\" custom_margin=\"||0px|||\" global_colors_info=\"{}\"]\n<h4>Freizeitzentrum f\u00fcr Kinder<\/h4>\n[\/et_pb_text][et_pb_text _builder_version=\"4.19.4\" _module_preset=\"default\" global_colors_info=\"{}\"]\n\nKinder im Alter von 2-11 Jahren k\u00f6nnen jeden Mittwoch Nachmittag f\u00fcr ein Betreuungsprogramm angemeldet werden.\n\n[\/et_pb_text][et_pb_text _builder_version=\"4.19.4\" _module_preset=\"default\" header_font=\"||||||||\" header_4_font=\"|700||on|||||\" custom_margin=\"||0px|||\" global_colors_info=\"{}\"]\n<h4>Das Haus der Jugend<\/h4>\n[\/et_pb_text][et_pb_text _builder_version=\"4.19.4\" _module_preset=\"default\" global_colors_info=\"{}\"]\n\nF\u00fcr Kinder im Alter von 11-17 Jahren werden regelm\u00e4\u00dfige Freizeiten, wie z.B. eine Snowboardfreizeit, organisiert.\n\n[\/et_pb_text][et_pb_text _builder_version=\"4.19.4\" _module_preset=\"default\" custom_margin=\"||0px|||\" global_colors_info=\"{}\"]\n<h4>Familienfest<\/h4>\n[\/et_pb_text][et_pb_text _builder_version=\"4.19.4\" _module_preset=\"default\" global_colors_info=\"{}\"]\n\nMit verschiedenen Spiel- und Sportaktivit\u00e4ten organisiert die Stadt Cesson-S\u00e9vign\u00e9 regelm\u00e4\u00dfig Familienfeste in ihren Parkanlagen.\n\n[\/et_pb_text][\/et_pb_column][et_pb_column type=\"1_3\" _builder_version=\"4.19.4\" _module_preset=\"default\" global_colors_info=\"{}\"][et_pb_image src=\"data:image\/svg+xml;base64,PHN2ZyB3aWR0aD0iMTA4MCIgaGVpZ2h0PSI1NDAiIHZpZXdCb3g9IjAgMCAxMDgwIDU0MCIgeG1sbnM9Imh0dHA6Ly93d3cudzMub3JnLzIwMDAvc3ZnIj4KICAgIDxnIGZpbGw9Im5vbmUiIGZpbGwtcnVsZT0iZXZlbm9kZCI+CiAgICAgICAgPHBhdGggZmlsbD0iI0VCRUJFQiIgZD0iTTAgMGgxMDgwdjU0MEgweiIvPgogICAgICAgIDxwYXRoIGQ9Ik00NDUuNjQ5IDU0MGgtOTguOTk1TDE0NC42NDkgMzM3Ljk5NSAwIDQ4Mi42NDR2LTk4Ljk5NWwxMTYuMzY1LTExNi4zNjVjMTUuNjItMTUuNjIgNDAuOTQ3LTE1LjYyIDU2LjU2OCAwTDQ0NS42NSA1NDB6IiBmaWxsLW9wYWNpdHk9Ii4xIiBmaWxsPSIjMDAwIiBmaWxsLXJ1bGU9Im5vbnplcm8iLz4KICAgICAgICA8Y2lyY2xlIGZpbGwtb3BhY2l0eT0iLjA1IiBmaWxsPSIjMDAwIiBjeD0iMzMxIiBjeT0iMTQ4IiByPSI3MCIvPgogICAgICAgIDxwYXRoIGQ9Ik0xMDgwIDM3OXYxMTMuMTM3TDcyOC4xNjIgMTQwLjMgMzI4LjQ2MiA1NDBIMjE1LjMyNEw2OTkuODc4IDU1LjQ0NmMxNS42Mi0xNS42MiA0MC45NDgtMTUuNjIgNTYuNTY4IDBMMTA4MCAzNzl6IiBmaWxsLW9wYWNpdHk9Ii4yIiBmaWxsPSIjMDAwIiBmaWxsLXJ1bGU9Im5vbnplcm8iLz4KICAgIDwvZz4KPC9zdmc+Cg==\" _builder_version=\"4.19.4\" _module_preset=\"default\" global_colors_info=\"{}\"][\/et_pb_image][et_pb_text admin_label=\"Text\" _builder_version=\"4.19.4\" _module_preset=\"default\" global_colors_info=\"{}\"]\n<h3>Sport<\/h3>\n[\/et_pb_text][et_pb_text _builder_version=\"4.19.4\" _module_preset=\"default\" custom_margin=\"||0px|||\" global_colors_info=\"{}\"]\n<h4>Sportangebot<\/h4>\n[\/et_pb_text][et_pb_text _builder_version=\"4.19.4\" _module_preset=\"default\" global_colors_info=\"{}\"]\n<p class=\"has-text-align-left\" style=\"font-size: 14px;\">Cesson-S\u00e9vign\u00e9 ist eine sehr sportliche Stadt. Eine gut ausgebaute Sportinfrastruktur (ausgebaute Fahrrad- und Spazierwege, mehrere Sportanlagen und Stadien) erm\u00f6glicht das vielseitige Sportangebot der Stadt:<\/p>\n<p class=\"has-text-align-left\" style=\"font-size: 14px;\">Kampfsport (Judo, Karate, Aikido\u2026), Individualsport (Tennis, Golf, Krafttraining, Schwimmen, Klettern, Badminton, Rad, Bogenschie\u00dfen, Tischtennis, Kayak, Angeln, Rafting, Stand-up-Paddling\u2026), Kollektivsport (Fu\u00dfball, Handball, Volleyball, Basketball\u2026), Gymnastik (Yoga, Kunstturnen, Tai Chi\u2026)<\/p>\n[\/et_pb_text][\/et_pb_column][\/et_pb_row][\/et_pb_section][et_pb_section fb_built=\"1\" admin_label=\"Blumenstadt\" _builder_version=\"4.19.4\" _module_preset=\"default\" background_color=\"#abbdd1\" width=\"100%\" module_alignment=\"center\" min_height=\"644px\" custom_margin=\"||-72px|||\" custom_padding=\"||0px|||\" global_colors_info=\"{}\"][et_pb_row column_structure=\"1_2,1_2\" admin_label=\"\u00dcberschrift Blumenstadt\" _builder_version=\"4.19.4\" _module_preset=\"default\" custom_padding=\"||3px|||\" global_colors_info=\"{}\"][et_pb_column type=\"1_2\" admin_label=\"Spalte\" _builder_version=\"4.19.4\" _module_preset=\"default\" global_colors_info=\"{}\"][\/et_pb_column][et_pb_column type=\"1_2\" admin_label=\"Spalte\" _builder_version=\"4.19.4\" _module_preset=\"default\" global_colors_info=\"{}\"][et_pb_text _builder_version=\"4.19.4\" _module_preset=\"default\" text_font=\"Montserrat|600|||||||\" text_text_color=\"#000000\" text_font_size=\"16px\" global_colors_info=\"{}\"]\n\nEine Blumenstadt\n\n[\/et_pb_text][\/et_pb_column][\/et_pb_row][et_pb_row column_structure=\"3_5,2_5\" _builder_version=\"4.19.4\" _module_preset=\"default\" background_color=\"#FFFFFF\" custom_margin=\"|auto|40px|auto||\" custom_padding=\"3px||0px|||\" box_shadow_style=\"preset1\" global_colors_info=\"{}\"][et_pb_column type=\"3_5\" _builder_version=\"4.19.4\" _module_preset=\"default\" global_colors_info=\"{}\"][et_pb_image src=\"http:\/\/partnerschaftskreis-waltrop-cesson.de\/wp-content\/uploads\/2023\/01\/Manoir-Bourgchevreuil-scaled.jpg\" title_text=\"Manoir Bourgchevreuil\" _builder_version=\"4.19.4\" _module_preset=\"default\" custom_margin=\"-48px||22px|||\" custom_padding=\"0px|||||\" global_colors_info=\"{}\"][\/et_pb_image][\/et_pb_column][et_pb_column type=\"2_5\" _builder_version=\"4.19.4\" _module_preset=\"default\" global_colors_info=\"{}\"][et_pb_text _builder_version=\"4.19.4\" _module_preset=\"default\" text_font=\"Montserrat|200|||||||\" text_text_color=\"#000000\" text_font_size=\"16px\" custom_margin=\"-14px|||||\" global_colors_info=\"{}\"]\n\nCesson-S\u00e9vign\u00e9 nimmt regelm\u00e4\u00dfig seit 1983 am sogenannten <a href=\"https:\/\/href.li\/?https:\/\/dewiki.de\/Lexikon\/Conseil_national_des_villes_et_villages_fleuris\" rel=\"noreferrer\">Concours des villes et villages fleuris<\/a> (deutsch: <em>Wettbewerb der bl\u00fchenden St\u00e4dte und Ortschaften<\/em>) teil. Dieser Wettbewerb existiert seit 1959 und soll zur F\u00f6rderung von Gr\u00fcnfl\u00e4chen und des Lebensumfeldes in Frankreichs Gemeinden beitragen. Neben Begr\u00fcnungen stellen weitere Kriterien zur Versch\u00f6nerung der Gemeinde, wie die allgemeine Sauberkeit sowie der Zustand von Stra\u00dfen und Geb\u00e4udefassaden, einen Teil des Wettbewers dar.\n\nDie Stadt Cesson-S\u00e9vign\u00e9 wurde zuletzt im Jahr 2019 mit vier Blumen ausgezeichnet \u2013 die h\u00f6chstm\u00f6gliche Auszeichnung \u2013 und damit ist die Stadt einer der wenigen 247 Gemeinden in ganz Frankreich, die eine solche Bewertung erhalten haben. Um diese Auszeichnung zu behalten, muss sich unsere Partnerstadt erneut in drei Jahren einer Jury stellen.\n\n[\/et_pb_text][\/et_pb_column][\/et_pb_row][\/et_pb_section]","_et_gb_content_width":"","footnotes":""},"class_list":["post-324","page","type-page","status-publish","hentry"],"yoast_head":"<title>Cesson-S\u00e9vign\u00e9 - Partnerschaftskreis Waltrop Cesson-S\u00e9vign\u00e9 e.V.<\/title>\n<meta name=\"robots\" content=\"index, follow, max-snippet:-1, max-image-preview:large, max-video-preview:-1\" \/>\n<link rel=\"canonical\" href=\"https:\/\/partnerschaftskreis-waltrop-cesson.de\/fr\/cesson-sevigne\/\" \/>\n<meta property=\"og:locale\" content=\"fr_FR\" \/>\n<meta property=\"og:type\" content=\"article\" \/>\n<meta property=\"og:title\" content=\"Cesson-S\u00e9vign\u00e9 - Partnerschaftskreis Waltrop Cesson-S\u00e9vign\u00e9 e.V.\" \/>\n<meta property=\"og:description\" content=\"Cesson-S\u00e9vign\u00e9 Waltrop&#039;s Partnerstadt in der Bretagne Erblicke ein paar Eckdaten zu unserer Partnerstadt und gewinne erste Impressionen zu Land, Region, Leute &amp; Kultur.Eine Blumenstadt Cesson-S\u00e9vign\u00e9 nimmt regelm\u00e4\u00dfig seit 1983 am sogenannten Concours des villes et villages fleuris (deutsch: Wettbewerb der bl\u00fchenden St\u00e4dte und Ortschaften) teil. Dieser Wettbewerb existiert seit 1959 und soll zur F\u00f6rderung von Gr\u00fcnfl\u00e4chen und des Lebensumfeldes in Frankreichs Gemeinden beitragen. Neben Begr\u00fcnungen stellen weitere Kriterien zur Versch\u00f6nerung der Gemeinde, wie die allgemeine Sauberkeit sowie der Zustand von Stra\u00dfen und Geb\u00e4udefassaden, einen Teil des Wettbewerbes dar. Die Stadt Cesson-S\u00e9vign\u00e9 wurde erstmalig im Jahr 2016 mit vier Blumen ausgezeichnet \u2013 die h\u00f6chstm\u00f6gliche Auszeichnung \u2013 und damit ist die Stadt einer der wenigen 247 Gemeinden in ganz Frankreich, die eine solche Bewertung erhalten haben. Um diese Auszeichnung zu behalten, muss sich unsere Partnerstadt alle drei Jahre einer Jury stellen.Kultur, Sport &amp; FreizeitKulturKulturst\u00e4tteDie Mediathek ist ein Kulturzentrum, in welchem die Musikschule, die B\u00fccherei sowie Kunstkurse besucht werden k\u00f6nnen. Dar\u00fcber hinaus verf\u00fcgt Cesson-S\u00e9vign\u00e9 \u00fcber ein eigenes Kino.VeranstaltungenJeden Mittwoch und Samstag ist in Cesson-S\u00e9vign\u00e9 Markttag, wobei der Mittwochsmarkt ein reiner Bio-Markt ist. An zwei Tagen am Jahresende wird au\u00dferdem ein Indoor-Weihnachtsmarkt angeboten. Zudem finden wiederkehrend Flohm\u00e4rkte sowie eine gro\u00dfe Pflanzen- und Gartenmesse statt.FamilieFreizeitzentrum [&hellip;]\" \/>\n<meta property=\"og:url\" content=\"https:\/\/partnerschaftskreis-waltrop-cesson.de\/fr\/cesson-sevigne\/\" \/>\n<meta property=\"og:site_name\" content=\"Partnerschaftskreis Waltrop Cesson-S\u00e9vign\u00e9 e.V.\" \/>\n<meta property=\"article:modified_time\" content=\"2023-02-27T19:11:44+00:00\" \/>\n<meta name=\"twitter:card\" content=\"summary_large_image\" \/>\n<meta name=\"twitter:label1\" content=\"Dur\u00e9e de lecture estim\u00e9e\" \/>\n\t<meta name=\"twitter:data1\" content=\"7 minutes\" \/>\n<script type=\"application\/ld+json\" class=\"yoast-schema-graph\">{\"@context\":\"https:\/\/schema.org\",\"@graph\":[{\"@type\":\"WebPage\",\"@id\":\"https:\/\/partnerschaftskreis-waltrop-cesson.de\/cesson-sevigne\/\",\"url\":\"https:\/\/partnerschaftskreis-waltrop-cesson.de\/cesson-sevigne\/\",\"name\":\"Cesson-S\u00e9vign\u00e9 - Partnerschaftskreis Waltrop Cesson-S\u00e9vign\u00e9 e.V.\",\"isPartOf\":{\"@id\":\"https:\/\/partnerschaftskreis-waltrop-cesson.de\/#website\"},\"datePublished\":\"2023-01-29T19:11:55+00:00\",\"dateModified\":\"2023-02-27T19:11:44+00:00\",\"breadcrumb\":{\"@id\":\"https:\/\/partnerschaftskreis-waltrop-cesson.de\/cesson-sevigne\/#breadcrumb\"},\"inLanguage\":\"fr-FR\",\"potentialAction\":[{\"@type\":\"ReadAction\",\"target\":[\"https:\/\/partnerschaftskreis-waltrop-cesson.de\/cesson-sevigne\/\"]}]},{\"@type\":\"BreadcrumbList\",\"@id\":\"https:\/\/partnerschaftskreis-waltrop-cesson.de\/cesson-sevigne\/#breadcrumb\",\"itemListElement\":[{\"@type\":\"ListItem\",\"position\":1,\"name\":\"Startseite\",\"item\":\"https:\/\/partnerschaftskreis-waltrop-cesson.de\/\"},{\"@type\":\"ListItem\",\"position\":2,\"name\":\"Cesson-S\u00e9vign\u00e9\"}]},{\"@type\":\"WebSite\",\"@id\":\"https:\/\/partnerschaftskreis-waltrop-cesson.de\/#website\",\"url\":\"https:\/\/partnerschaftskreis-waltrop-cesson.de\/\",\"name\":\"Partnerschaftskreis Waltrop Cesson-S\u00e9vign\u00e9 e.V.\",\"description\":\"St\u00e4dtepartnerschaft Waltrop - Cesson-S\u00e9vign\u00e9\",\"potentialAction\":[{\"@type\":\"SearchAction\",\"target\":{\"@type\":\"EntryPoint\",\"urlTemplate\":\"https:\/\/partnerschaftskreis-waltrop-cesson.de\/?s={search_term_string}\"},\"query-input\":{\"@type\":\"PropertyValueSpecification\",\"valueRequired\":true,\"valueName\":\"search_term_string\"}}],\"inLanguage\":\"fr-FR\"}]}<\/script>","yoast_head_json":{"title":"Cesson-S\u00e9vign\u00e9 - Partnerschaftskreis Waltrop Cesson-S\u00e9vign\u00e9 e.V.","robots":{"index":"index","follow":"follow","max-snippet":"max-snippet:-1","max-image-preview":"max-image-preview:large","max-video-preview":"max-video-preview:-1"},"canonical":"https:\/\/partnerschaftskreis-waltrop-cesson.de\/fr\/cesson-sevigne\/","og_locale":"fr_FR","og_type":"article","og_title":"Cesson-S\u00e9vign\u00e9 - Partnerschaftskreis Waltrop Cesson-S\u00e9vign\u00e9 e.V.","og_description":"Cesson-S\u00e9vign\u00e9 Waltrop's Partnerstadt in der Bretagne Erblicke ein paar Eckdaten zu unserer Partnerstadt und gewinne erste Impressionen zu Land, Region, Leute &amp; Kultur.Eine Blumenstadt Cesson-S\u00e9vign\u00e9 nimmt regelm\u00e4\u00dfig seit 1983 am sogenannten Concours des villes et villages fleuris (deutsch: Wettbewerb der bl\u00fchenden St\u00e4dte und Ortschaften) teil. Dieser Wettbewerb existiert seit 1959 und soll zur F\u00f6rderung von Gr\u00fcnfl\u00e4chen und des Lebensumfeldes in Frankreichs Gemeinden beitragen. Neben Begr\u00fcnungen stellen weitere Kriterien zur Versch\u00f6nerung der Gemeinde, wie die allgemeine Sauberkeit sowie der Zustand von Stra\u00dfen und Geb\u00e4udefassaden, einen Teil des Wettbewerbes dar. Die Stadt Cesson-S\u00e9vign\u00e9 wurde erstmalig im Jahr 2016 mit vier Blumen ausgezeichnet \u2013 die h\u00f6chstm\u00f6gliche Auszeichnung \u2013 und damit ist die Stadt einer der wenigen 247 Gemeinden in ganz Frankreich, die eine solche Bewertung erhalten haben. Um diese Auszeichnung zu behalten, muss sich unsere Partnerstadt alle drei Jahre einer Jury stellen.Kultur, Sport &amp; FreizeitKulturKulturst\u00e4tteDie Mediathek ist ein Kulturzentrum, in welchem die Musikschule, die B\u00fccherei sowie Kunstkurse besucht werden k\u00f6nnen. Dar\u00fcber hinaus verf\u00fcgt Cesson-S\u00e9vign\u00e9 \u00fcber ein eigenes Kino.VeranstaltungenJeden Mittwoch und Samstag ist in Cesson-S\u00e9vign\u00e9 Markttag, wobei der Mittwochsmarkt ein reiner Bio-Markt ist. An zwei Tagen am Jahresende wird au\u00dferdem ein Indoor-Weihnachtsmarkt angeboten. Zudem finden wiederkehrend Flohm\u00e4rkte sowie eine gro\u00dfe Pflanzen- und Gartenmesse statt.FamilieFreizeitzentrum [&hellip;]","og_url":"https:\/\/partnerschaftskreis-waltrop-cesson.de\/fr\/cesson-sevigne\/","og_site_name":"Partnerschaftskreis Waltrop Cesson-S\u00e9vign\u00e9 e.V.","article_modified_time":"2023-02-27T19:11:44+00:00","twitter_card":"summary_large_image","twitter_misc":{"Dur\u00e9e de lecture estim\u00e9e":"7 minutes"},"schema":{"@context":"https:\/\/schema.org","@graph":[{"@type":"WebPage","@id":"https:\/\/partnerschaftskreis-waltrop-cesson.de\/cesson-sevigne\/","url":"https:\/\/partnerschaftskreis-waltrop-cesson.de\/cesson-sevigne\/","name":"Cesson-S\u00e9vign\u00e9 - Partnerschaftskreis Waltrop Cesson-S\u00e9vign\u00e9 e.V.","isPartOf":{"@id":"https:\/\/partnerschaftskreis-waltrop-cesson.de\/#website"},"datePublished":"2023-01-29T19:11:55+00:00","dateModified":"2023-02-27T19:11:44+00:00","breadcrumb":{"@id":"https:\/\/partnerschaftskreis-waltrop-cesson.de\/cesson-sevigne\/#breadcrumb"},"inLanguage":"fr-FR","potentialAction":[{"@type":"ReadAction","target":["https:\/\/partnerschaftskreis-waltrop-cesson.de\/cesson-sevigne\/"]}]},{"@type":"BreadcrumbList","@id":"https:\/\/partnerschaftskreis-waltrop-cesson.de\/cesson-sevigne\/#breadcrumb","itemListElement":[{"@type":"ListItem","position":1,"name":"Startseite","item":"https:\/\/partnerschaftskreis-waltrop-cesson.de\/"},{"@type":"ListItem","position":2,"name":"Cesson-S\u00e9vign\u00e9"}]},{"@type":"WebSite","@id":"https:\/\/partnerschaftskreis-waltrop-cesson.de\/#website","url":"https:\/\/partnerschaftskreis-waltrop-cesson.de\/","name":"Partnerschaftskreis Waltrop Cesson-S\u00e9vign\u00e9 e.V.","description":"St\u00e4dtepartnerschaft Waltrop - Cesson-S\u00e9vign\u00e9","potentialAction":[{"@type":"SearchAction","target":{"@type":"EntryPoint","urlTemplate":"https:\/\/partnerschaftskreis-waltrop-cesson.de\/?s={search_term_string}"},"query-input":{"@type":"PropertyValueSpecification","valueRequired":true,"valueName":"search_term_string"}}],"inLanguage":"fr-FR"}]}},"_links":{"self":[{"href":"https:\/\/partnerschaftskreis-waltrop-cesson.de\/fr\/wp-json\/wp\/v2\/pages\/324"}],"collection":[{"href":"https:\/\/partnerschaftskreis-waltrop-cesson.de\/fr\/wp-json\/wp\/v2\/pages"}],"about":[{"href":"https:\/\/partnerschaftskreis-waltrop-cesson.de\/fr\/wp-json\/wp\/v2\/types\/page"}],"author":[{"embeddable":true,"href":"https:\/\/partnerschaftskreis-waltrop-cesson.de\/fr\/wp-json\/wp\/v2\/users\/1"}],"replies":[{"embeddable":true,"href":"https:\/\/partnerschaftskreis-waltrop-cesson.de\/fr\/wp-json\/wp\/v2\/comments?post=324"}],"version-history":[{"count":36,"href":"https:\/\/partnerschaftskreis-waltrop-cesson.de\/fr\/wp-json\/wp\/v2\/pages\/324\/revisions"}],"predecessor-version":[{"id":991,"href":"https:\/\/partnerschaftskreis-waltrop-cesson.de\/fr\/wp-json\/wp\/v2\/pages\/324\/revisions\/991"}],"wp:attachment":[{"href":"https:\/\/partnerschaftskreis-waltrop-cesson.de\/fr\/wp-json\/wp\/v2\/media?parent=324"}],"curies":[{"name":"wp","href":"https:\/\/api.w.org\/{rel}","templated":true}]}}